{"id":862,"date":"2022-05-02T14:23:29","date_gmt":"2022-05-02T13:23:29","guid":{"rendered":"https:\/\/apartamentoscaru.com\/commencer\/"},"modified":"2026-02-05T10:42:05","modified_gmt":"2026-02-05T09:42:05","slug":"commencer","status":"publish","type":"page","link":"https:\/\/apartamentoselma.com\/fr\/","title":{"rendered":"Commencer"},"content":{"rendered":"<div class=\"wpb-content-wrapper\"><p>[vc_section full_width=\u00a0\u00bbstretch_row\u00a0\u00bb conditional_render=\u00a0\u00bb%5B%7B%22value_role%22%3A%22administrator%22%7D%5D\u00a0\u00bb css_params=\u00a0\u00bb\u00a0\u00bb css=\u00a0\u00bb.vc_custom_1761742417805{background-color: var(&#8211;porto-primary-color) !important;}\u00a0\u00bb][vc_row css=\u00a0\u00bb.vc_custom_1753773639229{padding-top: 25px !important;padding-bottom: 35px !important;}\u00a0\u00bb conditional_render=\u00a0\u00bb%5B%7B%22value_role%22%3A%22administrator%22%7D%5D\u00a0\u00bb css_params=\u00a0\u00bb\u00a0\u00bb][vc_column conditional_render=\u00a0\u00bb%5B%7B%22value_role%22%3A%22administrator%22%7D%5D\u00a0\u00bb css_params=\u00a0\u00bb\u00a0\u00bb][vc_custom_heading text=\u00a0\u00bbAPARTAMENTOS CARU-ELMA1&Prime; font_container=\u00a0\u00bbtag:h1|text_align:left\u00a0\u00bb use_theme_fonts=\u00a0\u00bbyes\u00a0\u00bb el_class=\u00a0\u00bbmlh_h1&Prime; css_params=\u00a0\u00bb\u00a0\u00bb][vc_custom_heading text=\u00a0\u00bbBloc complet de 9 appartements \u00e0 Castelldefels\u00a0\u00bb font_container=\u00a0\u00bbtag:h2|text_align:center|color:%23ffffff\u00a0\u00bb use_theme_fonts=\u00a0\u00bbyes\u00a0\u00bb css=\u00a0\u00bb.vc_custom_1753773201333{margin-bottom: 10px !important;}\u00a0\u00bb css_params=\u00a0\u00bb\u00a0\u00bb][vc_custom_heading text=\u00a0\u00bbEnti\u00e8rement \u00e9quip\u00e9 avec piscine, Wi-Fi, service de m\u00e9nage, parking priv\u00e9 et \u00e0 proximit\u00e9 de la plage.\u00a0\u00bb font_container=\u00a0\u00bbtag:h3|font_size:1.6em|text_align:center|color:%23ffffff\u00a0\u00bb use_theme_fonts=\u00a0\u00bbyes\u00a0\u00bb font_weight=\u00a0\u00bb400&Prime; css_params=\u00a0\u00bb\u00a0\u00bb][\/vc_column][\/vc_row][vc_row gap=\u00a0\u00bb35&Prime; conditional_render=\u00a0\u00bb%5B%7B%22value_role%22%3A%22administrator%22%7D%5D\u00a0\u00bb css_params=\u00a0\u00bb\u00a0\u00bb][vc_column width=\u00a0\u00bb1\/2&Prime;]<div class=\"porto-ultimate-content-box-container mlh_producto_destacado mlh_box_shadow_hard_dark\"><div class=\"porto-ultimate-content-box vc_custom_1759740404659 porto_ucb_e35a9346cd70594d63c013acc42ebe9d\" style=\"background-color:#ffffff;min-height:580px;\" data-bg=\"#ffffff\">[vc_single_image image=\u00a0\u00bb802&Prime; img_size=\u00a0\u00bbfull\u00a0\u00bb css=\u00a0\u00bb\u00a0\u00bb img_object=\u00a0\u00bbcover\u00a0\u00bb img_pos=\u00a0\u00bbcenter center\u00a0\u00bb img_width=\u00a0\u00bb{\u00ab\u00a0xl\u00ab\u00a0:\u00ab\u00a0100\u00ab\u00a0,\u00ab\u00a0unit\u00ab\u00a0:\u00ab\u00a0%\u00ab\u00a0,\u00ab\u00a0xs\u00ab\u00a0:\u00ab\u00a0\u00ab\u00a0,\u00ab\u00a0sm\u00ab\u00a0:\u00ab\u00a0\u00ab\u00a0,\u00ab\u00a0md\u00ab\u00a0:\u00ab\u00a0\u00ab\u00a0,\u00ab\u00a0lg\u00ab\u00a0:\u00ab\u00a0\u00ab\u00a0}\u00a0\u00bb img_height=\u00a0\u00bb{\u00ab\u00a0xl\u00ab\u00a0:\u00ab\u00a0270\u00ab\u00a0,\u00ab\u00a0unit\u00ab\u00a0:\u00ab\u00a0\u00ab\u00a0,\u00ab\u00a0xs\u00ab\u00a0:\u00ab\u00a0\u00ab\u00a0,\u00ab\u00a0sm\u00ab\u00a0:\u00ab\u00a0\u00ab\u00a0,\u00ab\u00a0md\u00ab\u00a0:\u00ab\u00a0\u00ab\u00a0,\u00ab\u00a0lg\u00ab\u00a0:\u00ab\u00a0\u00ab\u00a0}\u00a0\u00bb css_params=\u00a0\u00bb\u00a0\u00bb][vc_custom_heading text=\u00a0\u00bb\u00c9tudes\u00a0\u00bb font_container=\u00a0\u00bbtag:h2|text_align:center|color:var(&#8211;porto-primary-color)\u00a0\u00bb use_theme_fonts=\u00a0\u00bbyes\u00a0\u00bb css=\u00a0\u00bb.vc_custom_1753863178368{padding-top: 60px !important;padding-right: 40px !important;padding-bottom: 10px !important;padding-left: 40px !important;}\u00a0\u00bb css_params=\u00a0\u00bb{\u00ab\u00a0css_padding_right_xl\u00ab\u00a0:\u00ab\u00a030px\u00ab\u00a0,\u00ab\u00a0css_padding_left_xl\u00ab\u00a0:\u00ab\u00a030px\u00ab\u00a0,\u00ab\u00a0css_padding_right_lg\u00ab\u00a0:\u00ab\u00a010px\u00ab\u00a0,\u00ab\u00a0css_padding_left_lg\u00ab\u00a0:\u00ab\u00a010px\u00ab\u00a0,\u00ab\u00a0css_padding_right_md\u00ab\u00a0:\u00ab\u00a040px\u00ab\u00a0,\u00ab\u00a0css_padding_left_md\u00ab\u00a0:\u00ab\u00a040px\u00ab\u00a0}\u00a0\u00bb custom_css_response=\u00a0\u00bb@media(max-width:porto-xlpx){.vc_custom_1753863178368{padding-right:30px!important;padding-left:30px!important;}}@media(max-width:991px){.vc_custom_1753863178368{padding-right:10px!important;padding-left:10px!important;}}@media(max-width:767px){.vc_custom_1753863178368{padding-right:40px!important;padding-left:40px!important;}}\u00a0\u00bb][vc_column_text css=\u00a0\u00bb.vc_custom_1753863097333{padding-top: 0px !important;padding-right: 40px !important;padding-bottom: 40px !important;padding-left: 40px !important;}\u00a0\u00bb text_color=\u00a0\u00bb#0a0a0a\u00a0\u00bb css_params=\u00a0\u00bb{\u00ab\u00a0css_padding_right_xl\u00ab\u00a0:\u00ab\u00a030px\u00ab\u00a0,\u00ab\u00a0css_padding_left_xl\u00ab\u00a0:\u00ab\u00a030px\u00ab\u00a0,\u00ab\u00a0css_padding_right_lg\u00ab\u00a0:\u00ab\u00a010px\u00ab\u00a0,\u00ab\u00a0css_padding_left_lg\u00ab\u00a0:\u00ab\u00a010px\u00ab\u00a0,\u00ab\u00a0css_padding_right_md\u00ab\u00a0:\u00ab\u00a040px\u00ab\u00a0,\u00ab\u00a0css_padding_left_md\u00ab\u00a0:\u00ab\u00a040px\u00ab\u00a0}\u00a0\u00bb custom_css_response=\u00a0\u00bb@media(max-width:porto-xlpx){.vc_custom_1753863097333{padding-right:30px!important;padding-left:30px!important;}}@media(max-width:991px){.vc_custom_1753863097333{padding-right:10px!important;padding-left:10px!important;}}@media(max-width:767px){.vc_custom_1753863097333{padding-right:40px!important;padding-left:40px!important;}}\u00a0\u00bb]<\/p>\n<p style=\"text-align: center;\">Louez nos studios et profitez de vos vacances ou d&rsquo;une escapade de week-end.<\/p>\n<p>[\/vc_column_text][vc_custom_heading text=\u00a0\u00bb1 chambre &#8211; 1 \u00e0 3 personnes\u00a0\u00bb font_container=\u00a0\u00bbtag:h3|font_size:1.3em|text_align:center|color:var(&#8211;porto-primary-color)\u00a0\u00bb use_theme_fonts=\u00a0\u00bbyes\u00a0\u00bb css=\u00a0\u00bb.vc_custom_1759740488711{margin-bottom: 0px !important;padding-right: 40px !important;padding-bottom: 40px !important;padding-left: 40px !important;}\u00a0\u00bb css_params=\u00a0\u00bb{\u00ab\u00a0css_padding_right_xl\u00ab\u00a0:\u00ab\u00a030px\u00ab\u00a0,\u00ab\u00a0css_padding_left_xl\u00ab\u00a0:\u00ab\u00a030px\u00ab\u00a0,\u00ab\u00a0css_padding_right_lg\u00ab\u00a0:\u00ab\u00a010px\u00ab\u00a0,\u00ab\u00a0css_padding_left_lg\u00ab\u00a0:\u00ab\u00a010px\u00ab\u00a0,\u00ab\u00a0css_padding_right_md\u00ab\u00a0:\u00ab\u00a040px\u00ab\u00a0,\u00ab\u00a0css_padding_left_md\u00ab\u00a0:\u00ab\u00a040px\u00ab\u00a0}\u00a0\u00bb custom_css_response=\u00a0\u00bb@media(max-width:porto-xlpx){.vc_custom_1759740488711{padding-right:30px!important;padding-left:30px!important;}}@media(max-width:991px){.vc_custom_1759740488711{padding-right:10px!important;padding-left:10px!important;}}@media(max-width:767px){.vc_custom_1759740488711{padding-right:40px!important;padding-left:40px!important;}}\u00a0\u00bb][vc_btn title=\u00a0\u00bbR\u00e9servez un studio maintenant !\u00a0\u00bb align=\u00a0\u00bbcenter\u00a0\u00bb css=\u00a0\u00bb.vc_custom_1759740626460{padding-bottom: 15px !important;}\u00a0\u00bb link=\u00a0\u00bburl:https%3A%2F%2Fapartamentoselma.com%2Ffr%2Falojamientos%2Fetude%2F|title:%C3%89tude|\u00a0\u00bb el_class=\u00a0\u00bbmlh_btn mb-5&Prime; css_params=\u00a0\u00bb\u00a0\u00bb]<\/div><\/div>[\/vc_column][vc_column width=\u00a0\u00bb1\/2&Prime;]<div class=\"porto-ultimate-content-box-container mlh_producto_destacado mlh_box_shadow_hard_dark\"><div class=\"porto-ultimate-content-box vc_custom_1759740422565 porto_ucb_e35a9346cd70594d63c013acc42ebe9d\" style=\"background-color:#ffffff;min-height:580px;\" data-bg=\"#ffffff\">[vc_single_image image=\u00a0\u00bb850&Prime; img_size=\u00a0\u00bbfull\u00a0\u00bb css=\u00a0\u00bb\u00a0\u00bb img_object=\u00a0\u00bbcover\u00a0\u00bb img_pos=\u00a0\u00bbcenter center\u00a0\u00bb img_width=\u00a0\u00bb{\u00ab\u00a0xl\u00ab\u00a0:\u00ab\u00a0100\u00ab\u00a0,\u00ab\u00a0unit\u00ab\u00a0:\u00ab\u00a0%\u00ab\u00a0,\u00ab\u00a0xs\u00ab\u00a0:\u00ab\u00a0\u00ab\u00a0,\u00ab\u00a0sm\u00ab\u00a0:\u00ab\u00a0\u00ab\u00a0,\u00ab\u00a0md\u00ab\u00a0:\u00ab\u00a0\u00ab\u00a0,\u00ab\u00a0lg\u00ab\u00a0:\u00ab\u00a0\u00ab\u00a0}\u00a0\u00bb img_height=\u00a0\u00bb{\u00ab\u00a0xl\u00ab\u00a0:\u00ab\u00a0270\u00ab\u00a0,\u00ab\u00a0unit\u00ab\u00a0:\u00ab\u00a0\u00ab\u00a0,\u00ab\u00a0xs\u00ab\u00a0:\u00ab\u00a0\u00ab\u00a0,\u00ab\u00a0sm\u00ab\u00a0:\u00ab\u00a0\u00ab\u00a0,\u00ab\u00a0md\u00ab\u00a0:\u00ab\u00a0\u00ab\u00a0,\u00ab\u00a0lg\u00ab\u00a0:\u00ab\u00a0\u00ab\u00a0}\u00a0\u00bb css_params=\u00a0\u00bb\u00a0\u00bb][vc_custom_heading text=\u00a0\u00bbAppartements\u00a0\u00bb font_container=\u00a0\u00bbtag:h2|text_align:center|color:var(&#8211;porto-primary-color)\u00a0\u00bb use_theme_fonts=\u00a0\u00bbyes\u00a0\u00bb css=\u00a0\u00bb.vc_custom_1753863214416{padding-top: 60px !important;padding-right: 40px !important;padding-bottom: 10px !important;padding-left: 40px !important;}\u00a0\u00bb css_params=\u00a0\u00bb{\u00ab\u00a0css_padding_right_xl\u00ab\u00a0:\u00ab\u00a030px\u00ab\u00a0,\u00ab\u00a0css_padding_left_xl\u00ab\u00a0:\u00ab\u00a030px\u00ab\u00a0,\u00ab\u00a0css_padding_right_lg\u00ab\u00a0:\u00ab\u00a010px\u00ab\u00a0,\u00ab\u00a0css_padding_left_lg\u00ab\u00a0:\u00ab\u00a010px\u00ab\u00a0,\u00ab\u00a0css_padding_right_md\u00ab\u00a0:\u00ab\u00a040px\u00ab\u00a0,\u00ab\u00a0css_padding_left_md\u00ab\u00a0:\u00ab\u00a040px\u00ab\u00a0}\u00a0\u00bb custom_css_response=\u00a0\u00bb@media(max-width:porto-xlpx){.vc_custom_1753863214416{padding-right:30px!important;padding-left:30px!important;}}@media(max-width:991px){.vc_custom_1753863214416{padding-right:10px!important;padding-left:10px!important;}}@media(max-width:767px){.vc_custom_1753863214416{padding-right:40px!important;padding-left:40px!important;}}\u00a0\u00bb][vc_column_text css=\u00a0\u00bb.vc_custom_1753863232854{padding-top: 0px !important;padding-right: 40px !important;padding-bottom: 40px !important;padding-left: 40px !important;}\u00a0\u00bb text_color=\u00a0\u00bb#0a0a0a\u00a0\u00bb css_params=\u00a0\u00bb{\u00ab\u00a0css_padding_right_xl\u00ab\u00a0:\u00ab\u00a030px\u00ab\u00a0,\u00ab\u00a0css_padding_left_xl\u00ab\u00a0:\u00ab\u00a030px\u00ab\u00a0,\u00ab\u00a0css_padding_right_lg\u00ab\u00a0:\u00ab\u00a010px\u00ab\u00a0,\u00ab\u00a0css_padding_left_lg\u00ab\u00a0:\u00ab\u00a010px\u00ab\u00a0,\u00ab\u00a0css_padding_right_md\u00ab\u00a0:\u00ab\u00a040px\u00ab\u00a0,\u00ab\u00a0css_padding_left_md\u00ab\u00a0:\u00ab\u00a040px\u00ab\u00a0}\u00a0\u00bb custom_css_response=\u00a0\u00bb@media(max-width:porto-xlpx){.vc_custom_1753863232854{padding-right:30px!important;padding-left:30px!important;}}@media(max-width:991px){.vc_custom_1753863232854{padding-right:10px!important;padding-left:10px!important;}}@media(max-width:767px){.vc_custom_1753863232854{padding-right:40px!important;padding-left:40px!important;}}\u00a0\u00bb]<\/p>\n<p style=\"text-align: center;\">Louez nos appartements, parfaits pour vos vacances ou une escapade de week-end.<\/p>\n<p>[\/vc_column_text][vc_custom_heading text=\u00a0\u00bb2 chambres &#8211; jusqu&apos;\u00e0 5 personnes\u00a0\u00bb font_container=\u00a0\u00bbtag:h3|font_size:1.3em|text_align:center|color:var(&#8211;porto-primary-color)\u00a0\u00bb use_theme_fonts=\u00a0\u00bbyes\u00a0\u00bb css=\u00a0\u00bb.vc_custom_1759740497167{margin-bottom: 0px !important;padding-right: 40px !important;padding-bottom: 40px !important;padding-left: 40px !important;}\u00a0\u00bb css_params=\u00a0\u00bb{\u00ab\u00a0css_padding_right_xl\u00ab\u00a0:\u00ab\u00a030px\u00ab\u00a0,\u00ab\u00a0css_padding_left_xl\u00ab\u00a0:\u00ab\u00a030px\u00ab\u00a0,\u00ab\u00a0css_padding_right_lg\u00ab\u00a0:\u00ab\u00a010px\u00ab\u00a0,\u00ab\u00a0css_padding_left_lg\u00ab\u00a0:\u00ab\u00a010px\u00ab\u00a0,\u00ab\u00a0css_padding_right_md\u00ab\u00a0:\u00ab\u00a040px\u00ab\u00a0,\u00ab\u00a0css_padding_left_md\u00ab\u00a0:\u00ab\u00a040px\u00ab\u00a0}\u00a0\u00bb custom_css_response=\u00a0\u00bb@media(max-width:porto-xlpx){.vc_custom_1759740497167{padding-right:30px!important;padding-left:30px!important;}}@media(max-width:991px){.vc_custom_1759740497167{padding-right:10px!important;padding-left:10px!important;}}@media(max-width:767px){.vc_custom_1759740497167{padding-right:40px!important;padding-left:40px!important;}}\u00a0\u00bb][vc_btn title=\u00a0\u00bbR\u00e9servez votre appartement d\u00e8s maintenant !\u00a0\u00bb align=\u00a0\u00bbcenter\u00a0\u00bb css=\u00a0\u00bb.vc_custom_1759740638430{padding-bottom: 15px !important;}\u00a0\u00bb link=\u00a0\u00bburl:https%3A%2F%2Fapartamentoselma.com%2Ffr%2Falojamientos%2Fappartement%2F|title:Appartement|\u00a0\u00bb el_class=\u00a0\u00bbmlh_btn mb-5&Prime; css_params=\u00a0\u00bb\u00a0\u00bb]<\/div><\/div>[\/vc_column][\/vc_row][\/vc_section][vc_section full_width=\u00a0\u00bbstretch_row\u00a0\u00bb top_divider_type=\u00a0\u00bbwaves_brush\u00a0\u00bb css=\u00a0\u00bb.vc_custom_1761742605886{margin-top: -30px !important;padding-top: 25px !important;padding-bottom: 80px !important;background-color: var(&#8211;porto-primary-color) !important;}\u00a0\u00bb conditional_render=\u00a0\u00bb%5B%7B%22value_role%22%3A%22administrator%22%7D%5D\u00a0\u00bb css_params=\u00a0\u00bb\u00a0\u00bb top_divider_color=\u00a0\u00bbvar(&#8211;porto-primary-color)\u00a0\u00bb top_divider_height=\u00a0\u00bb120px\u00a0\u00bb][vc_row][vc_column]<div class=\"porto-block\" data-id=\"894\"><style>.wpb_custom_683d7e68080059f1fb03f7280196f2d3 .owl-item:not(.active){opacity: 0.5}.wpb_custom_683d7e68080059f1fb03f7280196f2d3{--porto-el-spacing: 0px;}.wpb_custom_683d7e68080059f1fb03f7280196f2d3 .owl-stage{display: flex;align-items: \/;flex-wrap: wrap;}.wpb_custom_683d7e68080059f1fb03f7280196f2d3 .owl-nav:not(.disabled){display: block !important;}.wpb_custom_b08cf25b5e5e2ba612135633619498a4.porto-u-heading .porto-u-main-heading > *{font-size:3.4em;}.wpb_custom_b08cf25b5e5e2ba612135633619498a4 .porto-u-sub-heading{font-size:3.4em;}.wpb_custom_05160c306fe89340d40bdca63eec144c.porto-u-heading .porto-u-main-heading > *{font-size:3.4em;}.wpb_custom_05160c306fe89340d40bdca63eec144c .porto-u-sub-heading{font-size:3.4em;}.wpb_custom_b08cf25b5e5e2ba612135633619498a4.porto-u-heading .porto-u-main-heading > *{font-weight:600;letter-spacing:-2.448px;line-height:1.1em;text-transform:none;}.wpb_custom_b08cf25b5e5e2ba612135633619498a4 .porto-u-sub-heading{font-weight:500;line-height:1.3;font-size:1.1em;}.wpb_custom_05160c306fe89340d40bdca63eec144c.porto-u-heading .porto-u-main-heading > *{font-weight:600;letter-spacing:-2.448px;line-height:1.1em;}.wpb_custom_05160c306fe89340d40bdca63eec144c .porto-u-sub-heading{font-weight:500;line-height:1.3;font-size:1.1em;}<\/style>[vc_row full_width=\"stretch_row\" no_padding=\"yes\" el_class=\"mlh_slider overflow-hidden intro-section\" conditional_render=\"%5B%7B%22value_role%22%3A%22administrator%22%7D%5D\" el_id=\"slider\"][vc_column][vc_row_inner el_class=\"intro-banner\"][vc_column_inner el_class=\"h-100\"]<div class=\"porto-carousel owl-carousel has-ccols ccols-xl-1 ccols-lg-1 ccols-md-1 ccols-sm-1 ccols-1 custom-nav-style mb-0 h-100 wpb_custom_683d7e68080059f1fb03f7280196f2d3 nav-bottom\" data-plugin-options=\"{&quot;themeConfig&quot;:true,&quot;stagePadding&quot;:0,&quot;margin&quot;:0,&quot;autoplay&quot;:&quot;yes&quot;,&quot;mouseDrag&quot;:false,&quot;touchDrag&quot;:false,&quot;autoplayTimeout&quot;:10000,&quot;autoplayHoverPause&quot;:false,&quot;items&quot;:1,&quot;xl&quot;:1,&quot;lg&quot;:1,&quot;md&quot;:1,&quot;sm&quot;:1,&quot;xs&quot;:1,&quot;nav&quot;:&quot;yes&quot;,&quot;dots&quot;:false,&quot;animateIn&quot;:&quot;fadeIn&quot;,&quot;animateOut&quot;:&quot;fadeOut&quot;,&quot;loop&quot;:&quot;yes&quot;,&quot;center&quot;:false,&quot;video&quot;:false,&quot;lazyLoad&quot;:false,&quot;fullscreen&quot;:false}\"><div class=\"porto-ibanner interactive-banner-wrap-07dd21040fa50768c9d370ae74e47015 mb-0 slide-1\" style=\"background:#f2f2f2;\"><div class=\"banner-effect-wrapper\"><div class=\"banner-effect kenBurnsToRight\" style=\"background-image: url(https:\/\/apartamentoselma.com\/wp-content\/uploads\/2023\/04\/banner-1-scaled.jpg); background-size: cover;background-position: center;animation-duration: 20s;\"><\/div><\/div><img loading=\"lazy\" decoding=\"async\" alt=\"Apartamentos Caru\" width=\"2560\" height=\"1708\" class=\"porto-ibanner-img invisible\" src=\"https:\/\/apartamentoselma.com\/wp-content\/uploads\/2023\/04\/banner-1-scaled.jpg\" srcset=\"https:\/\/apartamentoselma.com\/wp-content\/uploads\/2023\/04\/banner-1-scaled.jpg 2560w, https:\/\/apartamentoselma.com\/wp-content\/uploads\/2023\/04\/banner-1-1024x683.jpg 1024w, https:\/\/apartamentoselma.com\/wp-content\/uploads\/2023\/04\/banner-1-768x512.jpg 768w, https:\/\/apartamentoselma.com\/wp-content\/uploads\/2023\/04\/banner-1-1536x1025.jpg 1536w, https:\/\/apartamentoselma.com\/wp-content\/uploads\/2023\/04\/banner-1-2048x1366.jpg 2048w, https:\/\/apartamentoselma.com\/wp-content\/uploads\/2023\/04\/banner-1-640x427.jpg 640w, https:\/\/apartamentoselma.com\/wp-content\/uploads\/2023\/04\/banner-1-400x267.jpg 400w\" sizes=\"auto, (max-width: 2560px) 100vw, 2560px\"><div class=\"porto-ibanner-desc no-padding d-flex\"><div class=\"container\"><div class=\"porto-ibanner-container\"><div class=\"porto-ibanner-layer wpb_custom_2c5109c031829f9c54153ed0e6239ff6 banner-pos-f6356757d4f73384a3f5bc65723ae83a\" style=\"width:100%;\"><div class=\"porto-u-heading  wpb_custom_b08cf25b5e5e2ba612135633619498a4 porto-u-55ca8359258f9a412be7e73af65d2aac \" data-appear-animation=\"fadeInUp\" data-appear-animation-delay=\"400\"><div class=\"porto-u-main-heading\"><h2   style=\"color:#ffffff;margin-bottom: 16px;\">Appartements \u00e0 Castelldefels<\/h2><\/div><style>.porto-u-55ca8359258f9a412be7e73af65d2aac.porto-u-heading{text-align:center}<\/style><\/div><style>.banner-pos-f6356757d4f73384a3f5bc65723ae83a {left: 50%;right: unset;top: 50%;bottom: unset;transform: translate(-50%, -50%);}<\/style><\/div><\/div><\/div><\/div><\/div><div class=\"porto-ibanner interactive-banner-wrap-07dd21040fa50768c9d370ae74e47015 mb-0 slide-1\" style=\"background:#f2f2f2;\"><div class=\"banner-effect-wrapper\"><div class=\"banner-effect kenBurnsToRight\" style=\"background-image: url(https:\/\/apartamentoselma.com\/wp-content\/uploads\/2023\/04\/apartamentoscaru_0002_Layer-6.jpg); background-size: cover;background-position: center;animation-duration: 20s;\"><\/div><\/div><img loading=\"lazy\" decoding=\"async\" alt=\"Apartamentos Caru\" width=\"1200\" height=\"800\" class=\"porto-ibanner-img invisible\" src=\"https:\/\/apartamentoselma.com\/wp-content\/uploads\/2023\/04\/apartamentoscaru_0002_Layer-6.jpg\" srcset=\"https:\/\/apartamentoselma.com\/wp-content\/uploads\/2023\/04\/apartamentoscaru_0002_Layer-6.jpg 1200w, https:\/\/apartamentoselma.com\/wp-content\/uploads\/2023\/04\/apartamentoscaru_0002_Layer-6-1024x683.jpg 1024w, https:\/\/apartamentoselma.com\/wp-content\/uploads\/2023\/04\/apartamentoscaru_0002_Layer-6-768x512.jpg 768w, https:\/\/apartamentoselma.com\/wp-content\/uploads\/2023\/04\/apartamentoscaru_0002_Layer-6-640x427.jpg 640w, https:\/\/apartamentoselma.com\/wp-content\/uploads\/2023\/04\/apartamentoscaru_0002_Layer-6-400x267.jpg 400w\" sizes=\"auto, (max-width: 1200px) 100vw, 1200px\"><div class=\"porto-ibanner-desc no-padding d-flex\"><div class=\"container\"><div class=\"porto-ibanner-container\"><div class=\"porto-ibanner-layer wpb_custom_2c5109c031829f9c54153ed0e6239ff6 banner-pos-f6356757d4f73384a3f5bc65723ae83a\" style=\"width:100%;\"><div class=\"porto-u-heading  wpb_custom_05160c306fe89340d40bdca63eec144c porto-u-55ca8359258f9a412be7e73af65d2aac \" data-appear-animation=\"fadeInUp\" data-appear-animation-delay=\"400\"><div class=\"porto-u-main-heading\"><h2   style=\"color:#ffffff;margin-bottom: 16px;\">Qualit\u00e9 de repos pour votre s\u00e9jour<\/h2><\/div><style>.porto-u-55ca8359258f9a412be7e73af65d2aac.porto-u-heading{text-align:center}<\/style><\/div><style>.banner-pos-f6356757d4f73384a3f5bc65723ae83a {left: 50%;right: unset;top: 50%;bottom: unset;transform: translate(-50%, -50%);}<\/style><\/div><\/div><\/div><\/div><\/div><div class=\"porto-ibanner interactive-banner-wrap-07dd21040fa50768c9d370ae74e47015 mb-0 slide-1\" style=\"background:#f2f2f2;\"><div class=\"banner-effect-wrapper\"><div class=\"banner-effect kenBurnsToRight\" style=\"background-image: url(https:\/\/apartamentoselma.com\/wp-content\/uploads\/2023\/04\/apartamentos-en-castelldefels-apartamentoscaru-IMG_4037.jpg); background-size: cover;background-position: center;animation-duration: 20s;\"><\/div><\/div><img loading=\"lazy\" decoding=\"async\" alt=\"Apartamentos Caru\" width=\"1200\" height=\"800\" class=\"porto-ibanner-img invisible\" src=\"https:\/\/apartamentoselma.com\/wp-content\/uploads\/2023\/04\/apartamentos-en-castelldefels-apartamentoscaru-IMG_4037.jpg\" srcset=\"https:\/\/apartamentoselma.com\/wp-content\/uploads\/2023\/04\/apartamentos-en-castelldefels-apartamentoscaru-IMG_4037.jpg 1200w, https:\/\/apartamentoselma.com\/wp-content\/uploads\/2023\/04\/apartamentos-en-castelldefels-apartamentoscaru-IMG_4037-1024x683.jpg 1024w, https:\/\/apartamentoselma.com\/wp-content\/uploads\/2023\/04\/apartamentos-en-castelldefels-apartamentoscaru-IMG_4037-768x512.jpg 768w, https:\/\/apartamentoselma.com\/wp-content\/uploads\/2023\/04\/apartamentos-en-castelldefels-apartamentoscaru-IMG_4037-640x427.jpg 640w, https:\/\/apartamentoselma.com\/wp-content\/uploads\/2023\/04\/apartamentos-en-castelldefels-apartamentoscaru-IMG_4037-400x267.jpg 400w\" sizes=\"auto, (max-width: 1200px) 100vw, 1200px\"><div class=\"porto-ibanner-desc no-padding d-flex\"><div class=\"container\"><div class=\"porto-ibanner-container\"><div class=\"porto-ibanner-layer wpb_custom_2c5109c031829f9c54153ed0e6239ff6 banner-pos-f6356757d4f73384a3f5bc65723ae83a\" style=\"width:100%;\"><div class=\"porto-u-heading  wpb_custom_05160c306fe89340d40bdca63eec144c porto-u-55ca8359258f9a412be7e73af65d2aac \" data-appear-animation=\"fadeInUp\" data-appear-animation-delay=\"400\"><div class=\"porto-u-main-heading\"><h2   style=\"color:#ffffff;margin-bottom: 16px;\">Appartements enti\u00e8rement \u00e9quip\u00e9s<\/h2><\/div><style>.porto-u-55ca8359258f9a412be7e73af65d2aac.porto-u-heading{text-align:center}<\/style><\/div><style>.banner-pos-f6356757d4f73384a3f5bc65723ae83a {left: 50%;right: unset;top: 50%;bottom: unset;transform: translate(-50%, -50%);}<\/style><\/div><\/div><\/div><\/div><\/div><\/div>[\/vc_column_inner][\/vc_row_inner][\/vc_column][\/vc_row]<\/div>[\/vc_column][\/vc_row][\/vc_section][vc_section full_width=\u00a0\u00bbstretch_row\u00a0\u00bb css=\u00a0\u00bb.vc_custom_1753865874298{padding-top: 70px !important;padding-bottom: 40px !important;}\u00a0\u00bb conditional_render=\u00a0\u00bb%5B%7B%22value_role%22%3A%22administrator%22%7D%5D\u00a0\u00bb css_params=\u00a0\u00bb\u00a0\u00bb el_id=\u00a0\u00bbnous\u00a0\u00bb][vc_row gap=\u00a0\u00bb35&Prime; conditional_render=\u00a0\u00bb%5B%7B%22value_role%22%3A%22administrator%22%7D%5D\u00a0\u00bb css_params=\u00a0\u00bb\u00a0\u00bb][vc_column width=\u00a0\u00bb2\/3&Prime;][vc_custom_heading text=\u00a0\u00bb<b>Location<\/b> d&apos;appartements \u00e0 Castelldefels\u00a0\u00bb use_theme_fonts=\u00a0\u00bbyes\u00a0\u00bb css_params=\u00a0\u00bb\u00a0\u00bb][vc_column_text css=\u00a0\u00bb\u00a0\u00bb css_params=\u00a0\u00bb\u00a0\u00bb]APARTAMENTOS CARU-ELMA1, ce<strong> complexe d&rsquo;appartements<\/strong> se situe \u00e0 seulement 2 minutes de la <strong>plage de Castelldefels<\/strong>, la plus grande plage de Barcelone qui s&rsquo;\u00e9tend sur plus de 5 km. Il b\u00e9n\u00e9ficie d&rsquo;une promenade en bord de mer id\u00e9ale pour le sport, la fl\u00e2nerie ou toute autre activit\u00e9 baln\u00e9aire.<\/p>\n<p>L&#8217;emplacement de nos <strong>appartements \u00e0 Castelldefels<\/strong> est central et id\u00e9al pour un s\u00e9jour paisible et relaxant dans nos installations.<\/p>\n<p>APARTAMENTOS CARU-ELMA1 l&rsquo;\u00e9tablissement comprend 9 appartements enti\u00e8rement \u00e9quip\u00e9s. Tous les appartements et chambres disposent du <strong>chauffage<\/strong>, de la <strong>climatisation<\/strong>, d&rsquo;une <strong>connexion Wi-Fi<\/strong>, d&rsquo;un <strong>parking gratuit<\/strong>, d&rsquo;un <strong>service de m\u00e9nage<\/strong> et de la possibilit\u00e9 de r\u00e9server des activit\u00e9s aux alentours de Castelldefels.<\/p>\n<p>APARTAMENTOS CARU-ELMA1 ces logements sont id\u00e9aux pour les familles. Ils comprennent une cuisine enti\u00e8rement \u00e9quip\u00e9e avec <strong>r\u00e9frig\u00e9rateur<\/strong>, <strong>micro-ondes<\/strong>, <strong>plaques de cuisson<\/strong>, <strong>ustensiles <\/strong>et produits <strong>d&rsquo;entretien <\/strong>de <strong>base<\/strong>. C&rsquo;est l&rsquo;appartement <strong>parfait pour toute la famille<\/strong> et pour de pr\u00e9cieux moments de d\u00e9tente et de vacances ! Nous disposons \u00e9galement d&rsquo;une piscine priv\u00e9e r\u00e9serv\u00e9e aux clients des appartements.<\/p>\n<p>En APARTAMENTOS CARU-ELMA1 \u00e0 Castelldefels, vous pouvez profiter de vacances ou d&rsquo;une escapade relaxante, que ce soit en <strong>famille ou en voyage d&rsquo;affaires<\/strong>.<\/p>\n<p>APARTAMENTOS CARU-ELMA1 il est situ\u00e9 \u00e0 20 minutes de <strong>Barcelone <\/strong>et \u00e0 moins de 15 minutes de <strong>l&rsquo;a\u00e9roport <\/strong>El Prat-Barcelone.[\/vc_column_text][\/vc_column][vc_column width=\u00a0\u00bb1\/3&Prime;][vc_single_image image=\u00a0\u00bb740&Prime; img_size=\u00a0\u00bbfull\u00a0\u00bb css=\u00a0\u00bb\u00a0\u00bb img_object=\u00a0\u00bbcover\u00a0\u00bb img_pos=\u00a0\u00bbcenter center\u00a0\u00bb img_height=\u00a0\u00bb{\u00ab\u00a0xl\u00ab\u00a0:\u00ab\u00a0100\u00ab\u00a0,\u00ab\u00a0unit\u00ab\u00a0:\u00ab\u00a0%\u00ab\u00a0,\u00ab\u00a0xs\u00ab\u00a0:\u00ab\u00a0\u00ab\u00a0,\u00ab\u00a0sm\u00ab\u00a0:\u00ab\u00a0\u00ab\u00a0,\u00ab\u00a0md\u00ab\u00a0:\u00ab\u00a0\u00ab\u00a0,\u00ab\u00a0lg\u00ab\u00a0:\u00ab\u00a0\u00ab\u00a0}\u00a0\u00bb css_params=\u00a0\u00bb\u00a0\u00bb img_width=\u00a0\u00bb{\u00ab\u00a0xl\u00ab\u00a0:\u00ab\u00a0\u00ab\u00a0,\u00ab\u00a0unit\u00ab\u00a0:\u00ab\u00a0px\u00ab\u00a0,\u00ab\u00a0xs\u00ab\u00a0:\u00ab\u00a0\u00ab\u00a0,\u00ab\u00a0sm\u00ab\u00a0:\u00ab\u00a0\u00ab\u00a0,\u00ab\u00a0md\u00ab\u00a0:\u00ab\u00a0\u00ab\u00a0,\u00ab\u00a0lg\u00ab\u00a0:\u00ab\u00a0\u00ab\u00a0}\u00a0\u00bb el_class=\u00a0\u00bbmlh_box_shadow_hard\u00a0\u00bb][\/vc_column][\/vc_row][\/vc_section][vc_section full_width=\u00a0\u00bbstretch_row\u00a0\u00bb parallax=\u00a0\u00bbcontent-moving\u00a0\u00bb parallax_image=\u00a0\u00bb359&Prime; css=\u00a0\u00bb.vc_custom_1752834168578{padding-top: 80px !important;padding-bottom: 80px !important;}\u00a0\u00bb conditional_render=\u00a0\u00bb%5B%7B%22value_role%22%3A%22administrator%22%7D%5D\u00a0\u00bb css_params=\u00a0\u00bb\u00a0\u00bb][vc_row][vc_column][vc_custom_heading text=\u00a0\u00bbProfitez d&apos;un s\u00e9jour unique\u00a0\u00bb font_container=\u00a0\u00bbtag:h2|text_align:center\u00a0\u00bb use_theme_fonts=\u00a0\u00bbyes\u00a0\u00bb css=\u00a0\u00bb.vc_custom_1752835201341{margin-bottom: 60px !important;}\u00a0\u00bb css_params=\u00a0\u00bb\u00a0\u00bb][vc_row_inner el_class=\u00a0\u00bbmlh_box_responsive\u00a0\u00bb css_params=\u00a0\u00bb\u00a0\u00bb][vc_column_inner width=\u00a0\u00bb1\/4&Prime;]<div class=\"porto-sicon-box  vc_custom_1753866510824 mlh_productos mlh_box_shadow_hard_dark  wpb_custom_058d0e1d5fda4d33041fa5f1e0de3955 style_1 top-icon\"><div class=\"porto-sicon-top\"><div class=\"porto-just-icon-wrapper porto-icon none\" style=\"color:var(--porto-primary-color);font-size:42px;\"><i class=\"fas fa-camera\"><\/i><\/div><\/div><div class=\"porto-sicon-header\"><h3 class=\"porto-sicon-title\" style=\"color:var(--porto-primary-color);margin-bottom:20px;\">Environnement privil\u00e9gi\u00e9<\/h3><\/div> <!-- header --><div class=\"porto-sicon-description\" style=\"\">Dans un quartier tr\u00e8s calme mais tr\u00e8s proche de la plage et du centre urbain et commercial de Castelldefels.<\/div> <!-- description --><\/div><!-- porto-sicon-box -->[\/vc_column_inner][vc_column_inner width=\u00a0\u00bb1\/4&Prime;]<div class=\"porto-sicon-box  vc_custom_1753866525436 mlh_productos mlh_box_shadow_hard_dark  wpb_custom_058d0e1d5fda4d33041fa5f1e0de3955 style_1 top-icon\"><div class=\"porto-sicon-top\"><div class=\"porto-just-icon-wrapper porto-icon none\" style=\"color:var(--porto-primary-color);font-size:42px;\"><i class=\"fas fa-road\"><\/i><\/div><\/div><div class=\"porto-sicon-header\"><h3 class=\"porto-sicon-title\" style=\"color:var(--porto-primary-color);margin-bottom:20px;\">Excellente communication<\/h3><\/div> <!-- header --><div class=\"porto-sicon-description\" style=\"\">Reli\u00e9 \u00e0 Barcelone en voiture (seulement 18 km) par deux autoroutes (sans p\u00e9age), et tr\u00e8s proche des gares ferroviaire et routi\u00e8re pour des liaisons vers Barcelone toutes les 20 minutes.<\/div> <!-- description --><\/div><!-- porto-sicon-box -->[\/vc_column_inner][vc_column_inner width=\u00a0\u00bb1\/4&Prime;]<div class=\"porto-sicon-box  vc_custom_1753866547778 mlh_productos mlh_box_shadow_hard_dark  wpb_custom_058d0e1d5fda4d33041fa5f1e0de3955 style_1 top-icon\"><div class=\"porto-sicon-top\"><div class=\"porto-just-icon-wrapper porto-icon none\" style=\"color:var(--porto-primary-color);font-size:42px;\"><i class=\"fas fa-bicycle\"><\/i><\/div><\/div><div class=\"porto-sicon-header\"><h3 class=\"porto-sicon-title\" style=\"color:var(--porto-primary-color);margin-bottom:20px;\">Loisirs<\/h3><\/div> <!-- header --><div class=\"porto-sicon-description\" style=\"\">Un large \u00e9ventail d&rsquo;activit\u00e9s sportives, culturelles et culinaires est \u00e0 proximit\u00e9 : kayak, golf, location de v\u00e9los, roller, voile, surf, tennis, \u00e9quitation, randonn\u00e9e, et bien plus encore.<\/div> <!-- description --><\/div><!-- porto-sicon-box -->[\/vc_column_inner][vc_column_inner width=\u00a0\u00bb1\/4&Prime;]<div class=\"porto-sicon-box  vc_custom_1753866557024 mlh_productos mlh_box_shadow_hard_dark  wpb_custom_058d0e1d5fda4d33041fa5f1e0de3955 style_1 top-icon\"><div class=\"porto-sicon-top\"><div class=\"porto-just-icon-wrapper porto-icon none\" style=\"color:var(--porto-primary-color);font-size:42px;\"><i class=\"fas fa-car\"><\/i><\/div><\/div><div class=\"porto-sicon-header\"><h3 class=\"porto-sicon-title\" style=\"color:var(--porto-primary-color);margin-bottom:20px;\">Parking<\/h3><\/div> <!-- header --><div class=\"porto-sicon-description\" style=\"\">Terrain priv\u00e9 avec une place de parking pour chaque appartement, d\u00e9j\u00e0 incluse dans le prix.<\/div> <!-- description --><\/div><!-- porto-sicon-box -->[\/vc_column_inner][\/vc_row_inner][\/vc_column][\/vc_row][\/vc_section][vc_section full_width=\u00a0\u00bbstretch_row\u00a0\u00bb css=\u00a0\u00bb.vc_custom_1759403171479{padding-top: 70px !important;padding-bottom: 70px !important;background-color: var(&#8211;porto-quaternary-color) !important;}\u00a0\u00bb conditional_render=\u00a0\u00bb%5B%7B%22value_role%22%3A%22administrator%22%7D%5D\u00a0\u00bb css_params=\u00a0\u00bb\u00a0\u00bb el_id=\u00a0\u00bbr\u00e9servations\u00a0\u00bb][vc_row][vc_column][vc_custom_heading text=\u00a0\u00bbR\u00e9servations\u00a0\u00bb font_container=\u00a0\u00bbtag:h2|font_size:3em|text_align:center\u00a0\u00bb use_theme_fonts=\u00a0\u00bbyes\u00a0\u00bb css=\u00a0\u00bb.vc_custom_1753943618898{margin-bottom: 25px !important;}\u00a0\u00bb css_params=\u00a0\u00bb\u00a0\u00bb][vc_custom_heading text=\u00a0\u00bb\u00c0 partir de 60 \u20ac\/jour\u00a0\u00bb font_container=\u00a0\u00bbtag:h2|font_size:2.1em|text_align:center|color:var(&#8211;porto-primary-color)\u00a0\u00bb use_theme_fonts=\u00a0\u00bbyes\u00a0\u00bb css=\u00a0\u00bb.vc_custom_1753943656033{margin-bottom: 5px !important;}\u00a0\u00bb css_params=\u00a0\u00bb\u00a0\u00bb][vc_custom_heading text=\u00a0\u00bbTrouvez l&apos;appartement ou le studio id\u00e9al, choisissez vos dates et r\u00e9servez rapidement et en toute s\u00e9curit\u00e9.\u00a0\u00bb font_container=\u00a0\u00bbtag:h2|font_size:1.9em|text_align:center|color:var(&#8211;porto-primary-color)\u00a0\u00bb use_theme_fonts=\u00a0\u00bbyes\u00a0\u00bb font_weight=\u00a0\u00bb400&Prime; css=\u00a0\u00bb.vc_custom_1759405816431{margin-bottom: 40px !important;}\u00a0\u00bb css_params=\u00a0\u00bb\u00a0\u00bb][vc_btn title=\u00a0\u00bbV\u00e9rifiez la disponibilit\u00e9 !\u00a0\u00bb align=\u00a0\u00bbcenter\u00a0\u00bb link=\u00a0\u00bburl:https%3A%2F%2Fapartamentoselma.com%2Ffr%2Freservations%2F|title:R%C3%A9servations|\u00a0\u00bb el_class=\u00a0\u00bbmlh_btn\u00a0\u00bb css_params=\u00a0\u00bb\u00a0\u00bb][\/vc_column][\/vc_row][\/vc_section][vc_section full_width=\u00a0\u00bbstretch_row\u00a0\u00bb css=\u00a0\u00bb.vc_custom_1753943833436{padding-top: 70px !important;}\u00a0\u00bb conditional_render=\u00a0\u00bb%5B%7B%22value_role%22%3A%22administrator%22%7D%5D\u00a0\u00bb css_params=\u00a0\u00bb\u00a0\u00bb el_id=\u00a0\u00bbcontact\u00a0\u00bb][vc_row gap=\u00a0\u00bb35&Prime; conditional_render=\u00a0\u00bb%5B%7B%22value_role%22%3A%22administrator%22%7D%5D\u00a0\u00bb css_params=\u00a0\u00bb\u00a0\u00bb css=\u00a0\u00bb.vc_custom_1753691581756{margin-bottom: 50px !important;}\u00a0\u00bb][vc_column width=\u00a0\u00bb1\/2&Prime;][vc_custom_heading text=\u00a0\u00bbAvez-vous des questions?\u00a0\u00bb use_theme_fonts=\u00a0\u00bbyes\u00a0\u00bb css=\u00a0\u00bb.vc_custom_1753690675101{margin-bottom: 10px !important;}\u00a0\u00bb css_params=\u00a0\u00bb\u00a0\u00bb][vc_custom_heading text=\u00a0\u00bbContactez-nous sans engagement\u00a0\u00bb font_container=\u00a0\u00bbtag:h3|font_size:1.8em|text_align:left\u00a0\u00bb use_theme_fonts=\u00a0\u00bbyes\u00a0\u00bb font_weight=\u00a0\u00bb400&Prime; css_params=\u00a0\u00bb\u00a0\u00bb]<a aria-label=\"T\u00e9l\u00e9phone 1\" class=\"porto-sicon-box-link\" href=\"tel:+34648651526\" target='_blank'><div class=\"porto-sicon-box  vc_custom_1753706189398  wpb_custom_0dd3bfc548b1409c465a703d30486ad2 hover-icon-left default-icon\"><div class=\"porto-sicon-default\"><div class=\"porto-just-icon-wrapper porto-icon none\" style=\"color:var(--porto-primary-color);font-size:32px;\"><i class=\"fas fa-phone\"><\/i><\/div><\/div><div class=\"porto-sicon-header\"><h3 class=\"porto-sicon-title\" style=\"\">T\u00e9l\u00e9phone 1<\/h3><p style=\"color:#0a0a0a;\">(+34) 648651526<\/p><\/div> <!-- header --><\/div><!-- porto-sicon-box --><\/a><a aria-label=\"T\u00e9l\u00e9phone 2\" class=\"porto-sicon-box-link\" href=\"tel:+34609378646\" target='_blank'><div class=\"porto-sicon-box  vc_custom_1753706180754  wpb_custom_0dd3bfc548b1409c465a703d30486ad2 hover-icon-left default-icon\"><div class=\"porto-sicon-default\"><div class=\"porto-just-icon-wrapper porto-icon none\" style=\"color:var(--porto-primary-color);font-size:32px;\"><i class=\"fas fa-phone\"><\/i><\/div><\/div><div class=\"porto-sicon-header\"><h3 class=\"porto-sicon-title\" style=\"\">T\u00e9l\u00e9phone 2<\/h3><p style=\"color:#0a0a0a;\">(+34) 609378646<\/p><\/div> <!-- header --><\/div><!-- porto-sicon-box --><\/a><a aria-label=\"E-Mail\" class=\"porto-sicon-box-link\" href=\"mailto:info@apartamentoscaru.com\" target='_blank'><div class=\"porto-sicon-box  vc_custom_1753706174253  wpb_custom_0dd3bfc548b1409c465a703d30486ad2 hover-icon-left default-icon\"><div class=\"porto-sicon-default\"><div class=\"porto-just-icon-wrapper porto-icon none\" style=\"color:var(--porto-primary-color);font-size:32px;\"><i class=\"fas fa-envelope\"><\/i><\/div><\/div><div class=\"porto-sicon-header\"><h3 class=\"porto-sicon-title\" style=\"\">E-Mail<\/h3><p style=\"color:#0a0a0a;\">info@apartamentoscaru.com<\/p><\/div> <!-- header --><\/div><!-- porto-sicon-box --><\/a><a aria-label=\"Adresse\" class=\"porto-sicon-box-link\" href=\"https:\/\/maps.app.goo.gl\/yPxoLg3Rbj6wy9Tb6\" target='_blank'><div class=\"porto-sicon-box  vc_custom_1753955348214  wpb_custom_0dd3bfc548b1409c465a703d30486ad2 hover-icon-left default-icon\"><div class=\"porto-sicon-default\"><div class=\"porto-just-icon-wrapper porto-icon none\" style=\"color:var(--porto-primary-color);font-size:32px;\"><i class=\"fas fa-map-marker-alt\"><\/i><\/div><\/div><div class=\"porto-sicon-header\"><h3 class=\"porto-sicon-title\" style=\"\">Adresse<\/h3><p style=\"color:#0a0a0a;\">Calle de la Coru\u00f1a 26, Castelldefels (Barcelona-Espa\u00f1a)<\/p><\/div> <!-- header --><\/div><!-- porto-sicon-box --><\/a>[\/vc_column][vc_column width=\u00a0\u00bb1\/2&Prime;]\n<div class=\"wpcf7 no-js\" id=\"wpcf7-f910-o1\" lang=\"fr-FR\" dir=\"ltr\" data-wpcf7-id=\"910\">\n<div class=\"screen-reader-response\"><p role=\"status\" aria-live=\"polite\" aria-atomic=\"true\"><\/p> <ul><\/ul><\/div>\n<form action=\"\/fr\/wp-json\/wp\/v2\/pages\/862#wpcf7-f910-o1\" method=\"post\" class=\"wpcf7-form init\" aria-label=\"Formulaire de contact\" novalidate=\"novalidate\" data-status=\"init\">\n<fieldset class=\"hidden-fields-container\"><input type=\"hidden\" name=\"_wpcf7\" value=\"910\" \/><input type=\"hidden\" name=\"_wpcf7_version\" value=\"6.1.4\" \/><input type=\"hidden\" name=\"_wpcf7_locale\" value=\"fr_FR\" \/><input type=\"hidden\" name=\"_wpcf7_unit_tag\" value=\"wpcf7-f910-o1\" \/><input type=\"hidden\" name=\"_wpcf7_container_post\" value=\"0\" \/><input type=\"hidden\" name=\"_wpcf7_posted_data_hash\" value=\"\" \/>\n<\/fieldset>\n<div class=\"left\"><span class=\"wpcf7-form-control-wrap\" data-name=\"your-name\"><input size=\"40\" maxlength=\"400\" class=\"wpcf7-form-control wpcf7-text wpcf7-validates-as-required\" aria-required=\"true\" aria-invalid=\"false\" placeholder=\"Nom *\" value=\"\" type=\"text\" name=\"your-name\" \/><\/span><\/div>\n\n<div class=\"right\"><span class=\"wpcf7-form-control-wrap\" data-name=\"your-phone\"><input size=\"40\" maxlength=\"400\" class=\"wpcf7-form-control wpcf7-text\" aria-invalid=\"false\" placeholder=\"T\u00e9l\u00e9phone\" value=\"\" type=\"text\" name=\"your-phone\" \/><\/span><\/div>\n\n<span class=\"wpcf7-form-control-wrap\" data-name=\"your-email\"><input size=\"40\" maxlength=\"400\" class=\"wpcf7-form-control wpcf7-email wpcf7-validates-as-required wpcf7-text wpcf7-validates-as-email\" aria-required=\"true\" aria-invalid=\"false\" placeholder=\"E-mail *\" value=\"\" type=\"email\" name=\"your-email\" \/><\/span>\n\n<span class=\"wpcf7-form-control-wrap\" data-name=\"your-country\"><input size=\"40\" maxlength=\"400\" class=\"wpcf7-form-control wpcf7-text\" aria-invalid=\"false\" placeholder=\"Pays\" value=\"\" type=\"text\" name=\"your-country\" \/><\/span>\n\n<span class=\"wpcf7-form-control-wrap\" data-name=\"your-message\"><textarea cols=\"40\" rows=\"10\" maxlength=\"2000\" class=\"wpcf7-form-control wpcf7-textarea wpcf7-validates-as-required\" aria-required=\"true\" aria-invalid=\"false\" placeholder=\"Message *\" name=\"your-message\"><\/textarea><\/span>\n\n<div class=\"MLH_Form\"><strong>Protection des donn\u00e9es personnelles.<\/strong> Nous utiliserons vos donn\u00e9es pour r\u00e9pondre \u00e0 vos demandes et r\u00e9aliser des analyses statistiques. Pour plus d'informations sur le traitement et vos droits, consultez notre <a href=\"https:\/\/apartamentoselma.com\/politica-de-privacidad-y-aviso-legal\/\">Politique de confidentialit\u00e9<\/a>. <\/div>\n\n<div class=\"wpcf7-turnstile cf-turnstile\" data-sitekey=\"0x4AAAAAABbUKyBAe5Eq3GDX\" data-response-field-name=\"_wpcf7_turnstile_response\"><\/div>\n\n<input class=\"wpcf7-form-control wpcf7-submit has-spinner\" type=\"submit\" value=\"Envoyer\" \/><div class=\"wpcf7-response-output\" aria-hidden=\"true\"><\/div>\n<\/form>\n<\/div>\n[\/vc_column][\/vc_row][vc_row full_width=\u00a0\u00bbstretch_row_content_no_spaces\u00a0\u00bb conditional_render=\u00a0\u00bb%5B%7B%22value_role%22%3A%22administrator%22%7D%5D\u00a0\u00bb css_params=\u00a0\u00bb\u00a0\u00bb css=\u00a0\u00bb.vc_custom_1753694663016{background-color: #ffffff !important;}\u00a0\u00bb][vc_column width=\u00a0\u00bb1\/2&Prime; css=\u00a0\u00bb.vc_custom_1753942038444{background-color: #f2f2f2 !important;}\u00a0\u00bb conditional_render=\u00a0\u00bb%5B%7B%22value_role%22%3A%22administrator%22%7D%5D\u00a0\u00bb css_params=\u00a0\u00bb\u00a0\u00bb el_class=\u00a0\u00bbmlh_orden_despues\u00a0\u00bb][\/vc_column][vc_column width=\u00a0\u00bb1\/2&Prime; css=\u00a0\u00bb.vc_custom_1753943845760{padding-top: 70px !important;padding-right: 120px !important;padding-bottom: 60px !important;padding-left: 80px !important;background-color: #e8f1f9 !important;}\u00a0\u00bb conditional_render=\u00a0\u00bb%5B%7B%22value_role%22%3A%22administrator%22%7D%5D\u00a0\u00bb css_params=\u00a0\u00bb{\u00ab\u00a0css_padding_right_xl\u00ab\u00a0:\u00ab\u00a040px\u00ab\u00a0,\u00ab\u00a0css_padding_left_xl\u00ab\u00a0:\u00ab\u00a040px\u00ab\u00a0,\u00ab\u00a0css_padding_right_md\u00ab\u00a0:\u00ab\u00a026px\u00ab\u00a0,\u00ab\u00a0css_padding_left_md\u00ab\u00a0:\u00ab\u00a026px\u00ab\u00a0}\u00a0\u00bb custom_css_response=\u00a0\u00bb@media(max-width:porto-xlpx){.vc_custom_1753943845760{padding-right:40px!important;padding-left:40px!important;}}@media(max-width:767px){.vc_custom_1753943845760{padding-right:26px!important;padding-left:26px!important;}}\u00a0\u00bb][vc_custom_heading text=\u00a0\u00bbComment s&apos;y rendre\u00a0\u00bb use_theme_fonts=\u00a0\u00bbyes\u00a0\u00bb css_params=\u00a0\u00bb\u00a0\u00bb][vc_custom_heading text=\u00a0\u00bbcoordonn\u00e9es GPS\u00a0\u00bb font_container=\u00a0\u00bbtag:h3|font_size:1.3em|text_align:left\u00a0\u00bb use_theme_fonts=\u00a0\u00bbyes\u00a0\u00bb font_weight=\u00a0\u00bb400&Prime; css=\u00a0\u00bb.vc_custom_1753707312900{margin-bottom: 5px !important;}\u00a0\u00bb css_params=\u00a0\u00bb\u00a0\u00bb]<div class=\"porto-sicon-box  wpb_custom_77794940f407d69acbbfd02fc7726315 style_1 left-icon\"><div class=\"porto-sicon-left\"><div class=\"porto-just-icon-wrapper porto-icon none\" style=\"color:var(--porto-primary-color);font-size:18px;\"><i class=\"fas fa-globe\"><\/i><\/div><\/div><div class=\"porto-sicon-body\"><div class=\"porto-sicon-header\"><h3 class=\"porto-sicon-title\" style=\"\">41\u00b016\u201923.4\u2033N \/ 1\u00b058\u201945.1\u2033E<\/h3><\/div> <!-- header --><\/div><\/div><!-- porto-sicon-box -->[vc_custom_heading text=\u00a0\u00bbDepuis l&apos;a\u00e9roport de Barcelone El Prat\u00a0\u00bb font_container=\u00a0\u00bbtag:h3|font_size:1.3em|text_align:left\u00a0\u00bb use_theme_fonts=\u00a0\u00bbyes\u00a0\u00bb font_weight=\u00a0\u00bb400&Prime; css=\u00a0\u00bb.vc_custom_1753707321582{margin-bottom: 5px !important;}\u00a0\u00bb css_params=\u00a0\u00bb\u00a0\u00bb]<a aria-label=\"Autoroute C-31, sortie : Castelldefels (12,7 km)\" class=\"porto-sicon-box-link\" href=\"https:\/\/www.google.es\/maps\/dir\/Aeropuerto+de+Barcelona-El+Prat,+El+Prat+de+Llobregat\/Apartamentos+Caru,+CALLE+CORUNYA,+Casteldefels\/@41.2903984,1.9958302,13z\/am=t\/data=!3m1!4b1!4m14!4m13!1m5!1m1!1s0x12a49e64847c8ea5:0xf32be942fb6f9bd7!2m2!1d2.0832941!2d41.297445!1m5!1m1!1s0x12a482afee255519:0x4c60ba691e878d8d!2m2!1d1.9790913!2d41.2733059!3e0\" target='_blank'><div class=\"porto-sicon-box  vc_custom_1753771185543  wpb_custom_77794940f407d69acbbfd02fc7726315 hover-icon-left left-icon\"><div class=\"porto-sicon-left\"><div class=\"porto-just-icon-wrapper porto-icon none\" style=\"color:var(--porto-primary-color);font-size:18px;\"><i class=\"fas fa-car-alt\"><\/i><\/div><\/div><div class=\"porto-sicon-body\"><div class=\"porto-sicon-header\"><h3 class=\"porto-sicon-title\" style=\"\">Autoroute C-31, sortie : Castelldefels (12,7 km)<\/h3><\/div> <!-- header --><\/div><\/div><!-- porto-sicon-box --><\/a><a aria-label=\"Bus L99, arr\u00eat : Av. de la Constituci\u00f3 \u2013 Av. Sta. Maria de Castelldefels (38 minutes, 19 arr\u00eats)\" class=\"porto-sicon-box-link\" href=\"https:\/\/www.google.es\/maps\/dir\/Aeropuerto+de+Barcelona-El+Prat,+El+Prat+de+Llobregat\/Apartamentos+Caru,+CALLE+CORUNYA,+Casteldefels\/@41.3078392,2.009028,13z\/am=t\/data=!4m15!4m14!1m5!1m1!1s0x12a49e64847c8ea5:0xf32be942fb6f9bd7!2m2!1d2.0800095!2d41.2983405!1m5!1m1!1s0x12a482afee255519:0x4c60ba691e878d8d!2m2!1d1.9791156!2d41.2732768!3e3!5i2?entry=ttu&#038;g_ep=EgoyMDI1MDcyMy4wIKXMDSoASAFQAw%3D%3D\" target='_blank'><div class=\"porto-sicon-box  wpb_custom_77794940f407d69acbbfd02fc7726315 hover-icon-left left-icon\"><div class=\"porto-sicon-left\"><div class=\"porto-just-icon-wrapper porto-icon none\" style=\"color:var(--porto-primary-color);font-size:18px;\"><i class=\"fas fa-bus-alt\"><\/i><\/div><\/div><div class=\"porto-sicon-body\"><div class=\"porto-sicon-header\"><h3 class=\"porto-sicon-title\" style=\"\">Bus L99, arr\u00eat : Av. de la Constituci\u00f3 \u2013 Av. Sta. Maria de Castelldefels (38 minutes, 19 arr\u00eats)<\/h3><\/div> <!-- header --><\/div><\/div><!-- porto-sicon-box --><\/a>[vc_custom_heading text=\u00a0\u00bbDepuis la gare de Sants (Barcelone)\u00a0\u00bb font_container=\u00a0\u00bbtag:h3|font_size:1.3em|text_align:left\u00a0\u00bb use_theme_fonts=\u00a0\u00bbyes\u00a0\u00bb font_weight=\u00a0\u00bb400&Prime; css=\u00a0\u00bb.vc_custom_1753707330859{margin-bottom: 5px !important;}\u00a0\u00bb css_params=\u00a0\u00bb\u00a0\u00bb]<a aria-label=\"Rodalies Express direction Reus, arr\u00eat: Castelldefels (19 minutes, 3 arr\u00eats)\" class=\"porto-sicon-box-link\" href=\"https:\/\/www.google.es\/maps\/dir\/Barcelona+Sants,+Carrer+del+Rector+Triad%C3%B3,+75,+08014+Barcelona\/Apartamentos+Caru,+CALLE+CORUNYA,+Casteldefels\/@41.3241142,1.896115,11z\/am=t\/data=!3m1!4b1!4m14!4m13!1m5!1m1!1s0x12a49880d4cf5639:0x3a7c2d44a50f178f!2m2!1d2.139889!2d41.3789192!1m5!1m1!1s0x12a482afee255519:0x4c60ba691e878d8d!2m2!1d1.9791156!2d41.2732768!3e3?entry=ttu&#038;g_ep=EgoyMDI1MDcyMy4wIKXMDSoASAFQAw%3D%3D\" target='_blank'><div class=\"porto-sicon-box  wpb_custom_77794940f407d69acbbfd02fc7726315 hover-icon-left left-icon\"><div class=\"porto-sicon-left\"><div class=\"porto-just-icon-wrapper porto-icon none\" style=\"color:var(--porto-primary-color);font-size:18px;\"><i class=\"fas fa-train\"><\/i><\/div><\/div><div class=\"porto-sicon-body\"><div class=\"porto-sicon-header\"><h3 class=\"porto-sicon-title\" style=\"\">Rodalies Express direction Reus, arr\u00eat: Castelldefels (19 minutes, 3 arr\u00eats)<\/h3><\/div> <!-- header --><\/div><\/div><!-- porto-sicon-box --><\/a>[vc_custom_heading text=\u00a0\u00bbAutres\u00a0\u00bb font_container=\u00a0\u00bbtag:h3|font_size:1.3em|text_align:left\u00a0\u00bb use_theme_fonts=\u00a0\u00bbyes\u00a0\u00bb font_weight=\u00a0\u00bb400&Prime; css=\u00a0\u00bb.vc_custom_1753707340228{margin-bottom: 5px !important;}\u00a0\u00bb css_params=\u00a0\u00bb\u00a0\u00bb]<a aria-label=\"Personnaliser l&#039;itin\u00e9raire dans Google Maps\" class=\"porto-sicon-box-link\" href=\"https:\/\/www.google.es\/maps\/dir\/\/Apartamentos+Caru,+CALLE+CORUNYA,+Casteldefels\/@41.2903984,1.9958301,13z\/data=!4m9!4m8!1m0!1m5!1m1!1s0x12a482afee255519:0x4c60ba691e878d8d!2m2!1d1.9791156!2d41.2732768!3e0?entry=ttu&#038;g_ep=EgoyMDI1MDcyMy4wIKXMDSoASAFQAw%3D%3D\" target='_blank'><div class=\"porto-sicon-box  wpb_custom_77794940f407d69acbbfd02fc7726315 hover-icon-left left-icon\"><div class=\"porto-sicon-left\"><div class=\"porto-just-icon-wrapper porto-icon none\" style=\"color:var(--porto-primary-color);font-size:18px;\"><i class=\"fas fa-map-marker-alt\"><\/i><\/div><\/div><div class=\"porto-sicon-body\"><div class=\"porto-sicon-header\"><h3 class=\"porto-sicon-title\" style=\"\">Personnaliser l&#039;itin\u00e9raire dans Google Maps<\/h3><\/div> <!-- header --><\/div><\/div><!-- porto-sicon-box --><\/a>[\/vc_column][\/vc_row][\/vc_section]<\/p>\n<\/div>","protected":false},"excerpt":{"rendered":"<p>[vc_section full_width=\u00a0\u00bbstretch_row\u00a0\u00bb conditional_render=\u00a0\u00bb%5B%7B%22value_role%22%3A%22administrator%22%7D%5D\u00a0\u00bb css_params=\u00a0\u00bb\u00a0\u00bb css=\u00a0\u00bb.vc_custom_1761742417805{background-color: var(&#8211;porto-primary-color) !important;}\u00a0\u00bb][vc_row css=\u00a0\u00bb.vc_custom_1753773639229{padding-top: 25px !important;padding-bottom: 35px !important;}\u00a0\u00bb conditional_render=\u00a0\u00bb%5B%7B%22value_role%22%3A%22administrator%22%7D%5D\u00a0\u00bb css_params=\u00a0\u00bb\u00a0\u00bb][vc_column conditional_render=\u00a0\u00bb%5B%7B%22value_role%22%3A%22administrator%22%7D%5D\u00a0\u00bb css_params=\u00a0\u00bb\u00a0\u00bb][vc_custom_heading text=\u00a0\u00bbAPARTAMENTOS CARU-ELMA1&Prime; font_container=\u00a0\u00bbtag:h1|text_align:left\u00a0\u00bb use_theme_fonts=\u00a0\u00bbyes\u00a0\u00bb el_class=\u00a0\u00bbmlh_h1&Prime; css_params=\u00a0\u00bb\u00a0\u00bb][vc_custom_heading text=\u00a0\u00bbBloc complet de 9 appartements \u00e0 Castelldefels\u00a0\u00bb font_container=\u00a0\u00bbtag:h2|text_align:center|color:%23ffffff\u00a0\u00bb use_theme_fonts=\u00a0\u00bbyes\u00a0\u00bb css=\u00a0\u00bb.vc_custom_1753773201333{margin-bottom: 10px !important;}\u00a0\u00bb css_params=\u00a0\u00bb\u00a0\u00bb][vc_custom_heading text=\u00a0\u00bbEnti\u00e8rement \u00e9quip\u00e9 avec piscine, Wi-Fi, service de m\u00e9nage, parking priv\u00e9 et \u00e0 proximit\u00e9 de la plage.\u00a0\u00bb font_container=\u00a0\u00bbtag:h3|font_size:1.6em|text_align:center|color:%23ffffff\u00a0\u00bb use_theme_fonts=\u00a0\u00bbyes\u00a0\u00bb font_weight=\u00a0\u00bb400&Prime; css_params=\u00a0\u00bb\u00a0\u00bb][\/vc_column][\/vc_row][vc_row [&hellip;]<\/p>\n","protected":false},"author":1,"featured_media":0,"parent":0,"menu_order":0,"comment_status":"closed","ping_status":"closed","template":"","meta":{"_seopress_robots_primary_cat":"","_seopress_titles_title":"%%sitetitle%% %%sep%% %%tagline%%","_seopress_titles_desc":"Apartamentos Caru-Elma1 en Castelldefels: h\u00e9bergement confortable \u00e0 proximit\u00e9 de la plage et de Barcelone, id\u00e9al pour les vacances ou le travail.","_seopress_robots_index":"","footnotes":""},"class_list":["post-862","page","type-page","status-publish","hentry"],"_links":{"self":[{"href":"https:\/\/apartamentoselma.com\/fr\/wp-json\/wp\/v2\/pages\/862","targetHints":{"allow":["GET"]}}],"collection":[{"href":"https:\/\/apartamentoselma.com\/fr\/wp-json\/wp\/v2\/pages"}],"about":[{"href":"https:\/\/apartamentoselma.com\/fr\/wp-json\/wp\/v2\/types\/page"}],"author":[{"embeddable":true,"href":"https:\/\/apartamentoselma.com\/fr\/wp-json\/wp\/v2\/users\/1"}],"replies":[{"embeddable":true,"href":"https:\/\/apartamentoselma.com\/fr\/wp-json\/wp\/v2\/comments?post=862"}],"version-history":[{"count":2,"href":"https:\/\/apartamentoselma.com\/fr\/wp-json\/wp\/v2\/pages\/862\/revisions"}],"predecessor-version":[{"id":1387,"href":"https:\/\/apartamentoselma.com\/fr\/wp-json\/wp\/v2\/pages\/862\/revisions\/1387"}],"wp:attachment":[{"href":"https:\/\/apartamentoselma.com\/fr\/wp-json\/wp\/v2\/media?parent=862"}],"curies":[{"name":"wp","href":"https:\/\/api.w.org\/{rel}","templated":true}]}}