{"id":877,"date":"2025-07-30T10:30:29","date_gmt":"2025-07-30T09:30:29","guid":{"rendered":"https:\/\/apartamentoscaru.com\/autour\/"},"modified":"2026-01-28T11:10:43","modified_gmt":"2026-01-28T10:10:43","slug":"autour","status":"publish","type":"page","link":"https:\/\/apartamentoselma.com\/fr\/autour\/","title":{"rendered":"Autour"},"content":{"rendered":"<div class=\"wpb-content-wrapper\"><p>[vc_section full_width=\u00a0\u00bbstretch_row\u00a0\u00bb css=\u00a0\u00bb.vc_custom_1753867719243{padding-top: 80px !important;padding-bottom: 80px !important;}\u00a0\u00bb conditional_render=\u00a0\u00bb%5B%7B%22value_role%22%3A%22administrator%22%7D%5D\u00a0\u00bb css_params=\u00a0\u00bb{\u00ab\u00a0css_padding_top_md\u00ab\u00a0:\u00ab\u00a050px\u00ab\u00a0}\u00a0\u00bb custom_css_response=\u00a0\u00bb@media(max-width:767px){.vc_custom_1753867719243{padding-top:50px!important;}}\u00a0\u00bb][vc_row css=\u00a0\u00bb.vc_custom_1753868487240{margin-bottom: 50px !important;}\u00a0\u00bb conditional_render=\u00a0\u00bb%5B%7B%22value_role%22%3A%22administrator%22%7D%5D\u00a0\u00bb css_params=\u00a0\u00bb\u00a0\u00bb][vc_column width=\u00a0\u00bb5\/6&Prime;][vc_custom_heading text=\u00a0\u00bbCastelldefels\u00a0\u00bb use_theme_fonts=\u00a0\u00bbyes\u00a0\u00bb css=\u00a0\u00bb.vc_custom_1753868954038{margin-bottom: 10px !important;}\u00a0\u00bb css_params=\u00a0\u00bb\u00a0\u00bb][vc_custom_heading text=\u00a0\u00bb<b>Nature, plage et culture \u00e0 c\u00f4t\u00e9 de Barcelone.<b>\u00a0\u00bb font_container=\u00a0\u00bbtag:h3|text_align:left\u00a0\u00bb use_theme_fonts=\u00a0\u00bbyes\u00a0\u00bb css=\u00a0\u00bb.vc_custom_1753941847282{margin-bottom: 35px !important;}\u00a0\u00bb css_params=\u00a0\u00bb\u00a0\u00bb][vc_column_text css=\u00a0\u00bb\u00a0\u00bb css_params=\u00a0\u00bb\u00a0\u00bb]<\/p>\n<p data-start=\"171\" data-end=\"581\">Situ\u00e9e \u00e0 seulement 20 minutes de Barcelone, Castelldefels est une ville c\u00f4ti\u00e8re qui se distingue par son \u00e9quilibre entre mer, montagnes et vie urbaine. Sa vaste plage de plus de 5 km de sable fin, id\u00e9ale pour la baignade et les sports nautiques, est l&rsquo;un de ses principaux attraits touristiques. Entour\u00e9e par le parc naturel du Garraf, la r\u00e9gion offre \u00e9galement des paysages naturels id\u00e9aux pour la randonn\u00e9e et le v\u00e9lo.<\/p>\n<p data-start=\"583\" data-end=\"924\">En plus de son environnement naturel, Castelldefels poss\u00e8de des attractions telles que le ch\u00e2teau m\u00e9di\u00e9val qui couronne la ville, la promenade maritime avec une offre culinaire vari\u00e9e et une vie culturelle anim\u00e9e tout au long de l&rsquo;ann\u00e9e. Sa proximit\u00e9 avec Barcelone et l&rsquo;a\u00e9roport en fait une destination parfaite pour allier d\u00e9tente, nature et loisirs.<\/p>\n<p>[\/vc_column_text][\/vc_column][vc_column width=\u00a0\u00bb1\/6&Prime;][\/vc_column][\/vc_row][vc_row][vc_column]<style scope=\"scope\">.wpb_custom_be969f6b97af8cc4163f2fc3002dc27c .grid-col-1-2{ flex: 0 0 auto; width: 50%; }.wpb_custom_be969f6b97af8cc4163f2fc3002dc27c .grid-col-1-4{ flex: 0 0 auto; width: 25%; }.wpb_custom_be969f6b97af8cc4163f2fc3002dc27c .grid-col-sizer { flex: 0 0 auto; width: 25% }.wpb_custom_be969f6b97af8cc4163f2fc3002dc27c .grid-height-1{ height: 600px }.wpb_custom_be969f6b97af8cc4163f2fc3002dc27c .grid-height-1-2{ height: 300px }@media (max-width: 767px) {.wpb_custom_be969f6b97af8cc4163f2fc3002dc27c .grid-col-md-1-2{ flex: 0 0 auto; width: 50%; }.wpb_custom_be969f6b97af8cc4163f2fc3002dc27c .grid-col-md-1-2{ flex: 0 0 auto; width: 50%; }.wpb_custom_be969f6b97af8cc4163f2fc3002dc27c .grid-col-sizer { flex: 0 0 50%; width: 50% }.wpb_custom_be969f6b97af8cc4163f2fc3002dc27c .grid-height-1{ height: 400px; }.wpb_custom_be969f6b97af8cc4163f2fc3002dc27c .grid-height-1-2{ height: 200px; }}@media (max-width: 480px) {.wpb_custom_be969f6b97af8cc4163f2fc3002dc27c a { flex: 0 0 auto; width: 100%; }}<\/style><div class=\"porto-gallery has-ccols ccols-1 has-ccols-spacing ccols-sm-2 ccols-md-3 ccols-lg-4 wpb_custom_be969f6b97af8cc4163f2fc3002dc27c porto-gallery-creative porto-preset-layout lightbox\" data-plugin-masonry data-plugin-options=\"{&quot;layoutMode&quot;:&quot;masonry&quot;,&quot;itemSelector&quot;:&quot;a&quot;,&quot;masonry&quot;:{&quot;columnWidth&quot;:&quot;.grid-col-sizer&quot;},&quot;animationEngine&quot;:&quot;best-available&quot;,&quot;resizable&quot;:false}\" data-lightbox-options=\"{&quot;delegate&quot;:&quot;a&quot;,&quot;mainClass&quot;:&quot;mfp-with-zoom&quot;,&quot;zoom&quot;:{&quot;enabled&quot;:true,&quot;duration&quot;:300},&quot;gallery&quot;:{&quot;enabled&quot;:true},&quot;type&quot;:&quot;image&quot;}\"><a class=\" grid-col-1-2 grid-col-md-1-2 grid-height-1\" href=\"https:\/\/apartamentoselma.com\/wp-content\/uploads\/2025\/07\/Vision-global-playa-castelldefels.jpg\"><figure><img loading=\"lazy\" decoding=\"async\" width=\"960\" height=\"444\" src=\"https:\/\/apartamentoselma.com\/wp-content\/uploads\/2025\/07\/Vision-global-playa-castelldefels.jpg\" class=\"attachment-large size-large\" alt=\"Apartamentos Caru\" srcset=\"https:\/\/apartamentoselma.com\/wp-content\/uploads\/2025\/07\/Vision-global-playa-castelldefels.jpg 960w, https:\/\/apartamentoselma.com\/wp-content\/uploads\/2025\/07\/Vision-global-playa-castelldefels-768x355.jpg 768w, https:\/\/apartamentoselma.com\/wp-content\/uploads\/2025\/07\/Vision-global-playa-castelldefels-640x296.jpg 640w, https:\/\/apartamentoselma.com\/wp-content\/uploads\/2025\/07\/Vision-global-playa-castelldefels-400x185.jpg 400w\" sizes=\"auto, (max-width: 960px) 100vw, 960px\" \/><\/figure><\/a><a class=\" grid-col-1-2 grid-col-md-1-2 grid-height-1-2\" href=\"https:\/\/apartamentoselma.com\/wp-content\/uploads\/2025\/07\/castelldefels.playa_.vision-amplia.jpg\"><figure><img loading=\"lazy\" decoding=\"async\" width=\"1024\" height=\"710\" src=\"https:\/\/apartamentoselma.com\/wp-content\/uploads\/2025\/07\/castelldefels.playa_.vision-amplia-1024x710.jpg\" class=\"attachment-large size-large\" alt=\"Apartamentos Caru\" srcset=\"https:\/\/apartamentoselma.com\/wp-content\/uploads\/2025\/07\/castelldefels.playa_.vision-amplia-1024x710.jpg 1024w, https:\/\/apartamentoselma.com\/wp-content\/uploads\/2025\/07\/castelldefels.playa_.vision-amplia-768x533.jpg 768w, https:\/\/apartamentoselma.com\/wp-content\/uploads\/2025\/07\/castelldefels.playa_.vision-amplia-640x444.jpg 640w, https:\/\/apartamentoselma.com\/wp-content\/uploads\/2025\/07\/castelldefels.playa_.vision-amplia-400x277.jpg 400w\" sizes=\"auto, (max-width: 1024px) 100vw, 1024px\" \/><\/figure><\/a><a class=\" grid-col-1-4 grid-col-md-1-2 grid-height-1-2\" href=\"https:\/\/apartamentoselma.com\/wp-content\/uploads\/2025\/07\/Fuegos-artificiales-en-playa-de-castelldefels.jpg\"><figure><img loading=\"lazy\" decoding=\"async\" width=\"463\" height=\"333\" src=\"https:\/\/apartamentoselma.com\/wp-content\/uploads\/2025\/07\/Fuegos-artificiales-en-playa-de-castelldefels-463x333.jpg\" class=\"attachment-blog-medium size-blog-medium\" alt=\"Apartamentos Caru\" \/><\/figure><\/a><a class=\" grid-col-1-4 grid-col-md-1-2 grid-height-1-2\" href=\"https:\/\/apartamentoselma.com\/wp-content\/uploads\/2025\/07\/vista-nocturna-de-castelldefels-desde-castillo.jpg\"><figure><img loading=\"lazy\" decoding=\"async\" width=\"463\" height=\"335\" src=\"https:\/\/apartamentoselma.com\/wp-content\/uploads\/2025\/07\/vista-nocturna-de-castelldefels-desde-castillo-463x335.jpg\" class=\"attachment-blog-medium size-blog-medium\" alt=\"Apartamentos Caru\" \/><\/figure><\/a><a class=\" grid-col-1-4 grid-col-md-1-2 grid-height-1-2\" href=\"https:\/\/apartamentoselma.com\/wp-content\/uploads\/2025\/07\/Castelldefels_Vista_aerea_canal-olimpico.jpg\"><figure><img loading=\"lazy\" decoding=\"async\" width=\"463\" height=\"348\" src=\"https:\/\/apartamentoselma.com\/wp-content\/uploads\/2025\/07\/Castelldefels_Vista_aerea_canal-olimpico-463x348.jpg\" class=\"attachment-blog-medium size-blog-medium\" alt=\"Apartamentos Caru\" srcset=\"https:\/\/apartamentoselma.com\/wp-content\/uploads\/2025\/07\/Castelldefels_Vista_aerea_canal-olimpico-463x348.jpg 463w, https:\/\/apartamentoselma.com\/wp-content\/uploads\/2025\/07\/Castelldefels_Vista_aerea_canal-olimpico-400x300.jpg 400w\" sizes=\"auto, (max-width: 463px) 100vw, 463px\" \/><\/figure><\/a><a class=\" grid-col-1-2 grid-col-md-1-2 grid-height-1-2\" href=\"https:\/\/apartamentoselma.com\/wp-content\/uploads\/2025\/07\/chiringuito-en-playa-castelldefels.jpg\"><figure><img loading=\"lazy\" decoding=\"async\" width=\"852\" height=\"350\" src=\"https:\/\/apartamentoselma.com\/wp-content\/uploads\/2025\/07\/chiringuito-en-playa-castelldefels.jpg\" class=\"attachment-large size-large\" alt=\"Apartamentos Caru\" srcset=\"https:\/\/apartamentoselma.com\/wp-content\/uploads\/2025\/07\/chiringuito-en-playa-castelldefels.jpg 852w, https:\/\/apartamentoselma.com\/wp-content\/uploads\/2025\/07\/chiringuito-en-playa-castelldefels-768x315.jpg 768w, https:\/\/apartamentoselma.com\/wp-content\/uploads\/2025\/07\/chiringuito-en-playa-castelldefels-640x263.jpg 640w, https:\/\/apartamentoselma.com\/wp-content\/uploads\/2025\/07\/chiringuito-en-playa-castelldefels-400x164.jpg 400w\" sizes=\"auto, (max-width: 852px) 100vw, 852px\" \/><\/figure><\/a><a class=\" grid-col-1-4 grid-col-md-1-2 grid-height-1-2\" href=\"https:\/\/apartamentoselma.com\/wp-content\/uploads\/2025\/07\/castelldefels.port-ginesta.jpg\"><figure><img loading=\"lazy\" decoding=\"async\" width=\"463\" height=\"348\" src=\"https:\/\/apartamentoselma.com\/wp-content\/uploads\/2025\/07\/castelldefels.port-ginesta-463x348.jpg\" class=\"attachment-blog-medium size-blog-medium\" alt=\"Apartamentos Caru\" srcset=\"https:\/\/apartamentoselma.com\/wp-content\/uploads\/2025\/07\/castelldefels.port-ginesta-463x348.jpg 463w, https:\/\/apartamentoselma.com\/wp-content\/uploads\/2025\/07\/castelldefels.port-ginesta-400x300.jpg 400w\" sizes=\"auto, (max-width: 463px) 100vw, 463px\" \/><\/figure><\/a><a class=\" grid-col-1-2 grid-col-md-1-2 grid-height-1-2\" href=\"https:\/\/apartamentoselma.com\/wp-content\/uploads\/2025\/07\/castillo-de-castelldefels.luz-de-dia.jpg\"><figure><img loading=\"lazy\" decoding=\"async\" width=\"1024\" height=\"586\" src=\"https:\/\/apartamentoselma.com\/wp-content\/uploads\/2025\/07\/castillo-de-castelldefels.luz-de-dia.jpg\" class=\"attachment-large size-large\" alt=\"Apartamentos Caru\" srcset=\"https:\/\/apartamentoselma.com\/wp-content\/uploads\/2025\/07\/castillo-de-castelldefels.luz-de-dia.jpg 1024w, https:\/\/apartamentoselma.com\/wp-content\/uploads\/2025\/07\/castillo-de-castelldefels.luz-de-dia-768x440.jpg 768w, https:\/\/apartamentoselma.com\/wp-content\/uploads\/2025\/07\/castillo-de-castelldefels.luz-de-dia-640x366.jpg 640w, https:\/\/apartamentoselma.com\/wp-content\/uploads\/2025\/07\/castillo-de-castelldefels.luz-de-dia-400x229.jpg 400w\" sizes=\"auto, (max-width: 1024px) 100vw, 1024px\" \/><\/figure><\/a><a class=\" grid-col-1-2 grid-col-md-1-2 grid-height-1\" href=\"https:\/\/apartamentoselma.com\/wp-content\/uploads\/2025\/07\/Gastronomia-en-castelldefels.jpg\"><figure><img loading=\"lazy\" decoding=\"async\" width=\"272\" height=\"185\" src=\"https:\/\/apartamentoselma.com\/wp-content\/uploads\/2025\/07\/Gastronomia-en-castelldefels.jpg\" class=\"attachment-large size-large\" alt=\"Apartamentos Caru\" \/><\/figure><\/a><a class=\" grid-col-1-2 grid-col-md-1-2 grid-height-1-2\" href=\"https:\/\/apartamentoselma.com\/wp-content\/uploads\/2025\/07\/Castillo-de-Castelldefels.nocturna.jpg\"><figure><img loading=\"lazy\" decoding=\"async\" width=\"297\" height=\"170\" src=\"https:\/\/apartamentoselma.com\/wp-content\/uploads\/2025\/07\/Castillo-de-Castelldefels.nocturna.jpg\" class=\"attachment-large size-large\" alt=\"Apartamentos Caru\" \/><\/figure><\/a><a href=\"https:\/\/apartamentoselma.com\/wp-content\/uploads\/2025\/07\/Clases-de-Zumba-en-Castelldefels-playa.png\"><figure><img loading=\"lazy\" decoding=\"async\" width=\"325\" height=\"200\" src=\"https:\/\/apartamentoselma.com\/wp-content\/uploads\/2025\/07\/Clases-de-Zumba-en-Castelldefels-playa.png\" class=\"attachment-large size-large\" alt=\"Apartamentos Caru\" \/><\/figure><\/a><a href=\"https:\/\/apartamentoselma.com\/wp-content\/uploads\/2025\/07\/Castelldefels.mapa-de-entorno.gif\"><figure><img loading=\"lazy\" decoding=\"async\" width=\"600\" height=\"371\" src=\"https:\/\/apartamentoselma.com\/wp-content\/uploads\/2025\/07\/Castelldefels.mapa-de-entorno.gif\" class=\"attachment-large size-large\" alt=\"Apartamentos Caru\" \/><\/figure><\/a><figure class=\"grid-col-sizer\"><\/figure><\/div>[\/vc_column][\/vc_row][\/vc_section]<\/p>\n<\/div>","protected":false},"excerpt":{"rendered":"<p>[vc_section full_width=\u00a0\u00bbstretch_row\u00a0\u00bb css=\u00a0\u00bb.vc_custom_1753867719243{padding-top: 80px !important;padding-bottom: 80px !important;}\u00a0\u00bb conditional_render=\u00a0\u00bb%5B%7B%22value_role%22%3A%22administrator%22%7D%5D\u00a0\u00bb css_params=\u00a0\u00bb{\u00ab\u00a0css_padding_top_md\u00ab\u00a0:\u00ab\u00a050px\u00ab\u00a0}\u00a0\u00bb custom_css_response=\u00a0\u00bb@media(max-width:767px){.vc_custom_1753867719243{padding-top:50px!important;}}\u00a0\u00bb][vc_row css=\u00a0\u00bb.vc_custom_1753868487240{margin-bottom: 50px !important;}\u00a0\u00bb conditional_render=\u00a0\u00bb%5B%7B%22value_role%22%3A%22administrator%22%7D%5D\u00a0\u00bb css_params=\u00a0\u00bb\u00a0\u00bb][vc_column width=\u00a0\u00bb5\/6&Prime;][vc_custom_heading text=\u00a0\u00bbCastelldefels\u00a0\u00bb use_theme_fonts=\u00a0\u00bbyes\u00a0\u00bb css=\u00a0\u00bb.vc_custom_1753868954038{margin-bottom: 10px !important;}\u00a0\u00bb css_params=\u00a0\u00bb\u00a0\u00bb][vc_custom_heading text=\u00a0\u00bbNature, plage et culture \u00e0 c\u00f4t\u00e9 de Barcelone.\u00a0\u00bb font_container=\u00a0\u00bbtag:h3|text_align:left\u00a0\u00bb use_theme_fonts=\u00a0\u00bbyes\u00a0\u00bb css=\u00a0\u00bb.vc_custom_1753941847282{margin-bottom: 35px !important;}\u00a0\u00bb css_params=\u00a0\u00bb\u00a0\u00bb][vc_column_text css=\u00a0\u00bb\u00a0\u00bb css_params=\u00a0\u00bb\u00a0\u00bb] Situ\u00e9e \u00e0 seulement 20 minutes de Barcelone, Castelldefels est une ville c\u00f4ti\u00e8re qui se distingue par son [&hellip;]<\/p>\n","protected":false},"author":5,"featured_media":0,"parent":0,"menu_order":0,"comment_status":"closed","ping_status":"closed","template":"","meta":{"_seopress_robots_primary_cat":"","_seopress_titles_title":"%%sitetitle%% %%sep%% %%post_title%%","_seopress_titles_desc":"D\u00e9couvrez l'environnement des Appartements Elma \u00e0 Castelldefels : plages, loisirs et proximit\u00e9 de Barcelone pour des vacances parfaites.","_seopress_robots_index":"","footnotes":""},"class_list":["post-877","page","type-page","status-publish","hentry"],"_links":{"self":[{"href":"https:\/\/apartamentoselma.com\/fr\/wp-json\/wp\/v2\/pages\/877","targetHints":{"allow":["GET"]}}],"collection":[{"href":"https:\/\/apartamentoselma.com\/fr\/wp-json\/wp\/v2\/pages"}],"about":[{"href":"https:\/\/apartamentoselma.com\/fr\/wp-json\/wp\/v2\/types\/page"}],"author":[{"embeddable":true,"href":"https:\/\/apartamentoselma.com\/fr\/wp-json\/wp\/v2\/users\/5"}],"replies":[{"embeddable":true,"href":"https:\/\/apartamentoselma.com\/fr\/wp-json\/wp\/v2\/comments?post=877"}],"version-history":[{"count":2,"href":"https:\/\/apartamentoselma.com\/fr\/wp-json\/wp\/v2\/pages\/877\/revisions"}],"predecessor-version":[{"id":1327,"href":"https:\/\/apartamentoselma.com\/fr\/wp-json\/wp\/v2\/pages\/877\/revisions\/1327"}],"wp:attachment":[{"href":"https:\/\/apartamentoselma.com\/fr\/wp-json\/wp\/v2\/media?parent=877"}],"curies":[{"name":"wp","href":"https:\/\/api.w.org\/{rel}","templated":true}]}}