{"id":959,"date":"2022-05-02T14:23:29","date_gmt":"2022-05-02T13:23:29","guid":{"rendered":"https:\/\/apartamentoscaru.com\/politique-de-confidentialite-et-mentions-legales\/"},"modified":"2026-02-05T10:19:07","modified_gmt":"2026-02-05T09:19:07","slug":"politique-de-confidentialite-et-mentions-legales","status":"publish","type":"page","link":"https:\/\/apartamentoselma.com\/fr\/politique-de-confidentialite-et-mentions-legales\/","title":{"rendered":"Politique de confidentialit\u00e9 et mentions l\u00e9gales"},"content":{"rendered":"<div class=\"wpb-content-wrapper\"><p>[vc_row conditional_render=\u00a0\u00bb%5B%7B%22value_role%22%3A%22administrator%22%7D%5D\u00a0\u00bb][vc_column][vc_empty_space height=\u00a0\u00bb50px\u00a0\u00bb][vc_column_text css=\u00a0\u00bb\u00a0\u00bb css_params=\u00a0\u00bb\u00a0\u00bb]<\/p>\n<h2 style=\"text-align: center;\"><strong>I. POLITIQUE DE CONFIDENTIALIT\u00c9<\/strong><\/h2>\n<ol>\n<li><strong>INFORMATIONS UTILISATEUR<\/strong><\/li>\n<\/ol>\n<p><strong>Qui est responsable du traitement de vos donn\u00e9es personnelles?<\/strong><\/p>\n<p><strong>BEMIRMA S.L., la soci\u00e9t\u00e9 propri\u00e9taire d&rsquo;APARTAMENTOS CARU-ELMA1<\/strong>, est le RESPONSABLE DU TRAITEMENT des donn\u00e9es personnelles de l&rsquo;UTILISATEUR et vous informe que ces donn\u00e9es seront trait\u00e9es conform\u00e9ment aux dispositions du R\u00e8glement (UE) 2016\/679 du 27 avril (RGPD) et de la Loi organique 3\/2018 du 5 d\u00e9cembre (LOPDGDD).<\/p>\n<p><strong>Pourquoi traitons-nous vos donn\u00e9es personnelles et pourquoi le faisons-nous?<\/strong><\/p>\n<p>En fonction de la forme sous laquelle nous avons obtenu vos donn\u00e9es personnelles, nous les traiterons de mani\u00e8re confidentielle aux fins suivantes :<\/p>\n<p>Dans le formulaire de <strong>contact<\/strong><\/p>\n<ul>\n<li>Pour r\u00e9pondre aux demandes d&rsquo;information ou \u00e0 toute autre requ\u00eate formul\u00e9e par l&rsquo;utilisateur via les moyens de contact disponibles sur le site web du responsable du traitement.<br \/>(Sur la base de l&rsquo;int\u00e9r\u00eat l\u00e9gitime du responsable du traitement, art. 6.1.f du RGPD)<\/li>\n<li>R\u00e9alisation d&rsquo;analyses statistiques et d&rsquo;\u00e9tudes de march\u00e9.<br \/>(Sur la base de l&rsquo;int\u00e9r\u00eat l\u00e9gitime du responsable du traitement, art. 6.1.f du RGPD)<\/li>\n<\/ul>\n<p>Dans le formulaire de <strong>r\u00e9servation<\/strong><\/p>\n<ul>\n<li>Effectuez une r\u00e9servation aupr\u00e8s de l&rsquo;\u00e9tablissement responsable.<br \/>(Pour l&rsquo;ex\u00e9cution d&rsquo;un contrat ou de mesures pr\u00e9contractuelles, 6.1.b RGPD)<\/li>\n<li>Envoi de communications publicitaires commerciales par courriel, fax, SMS, MMS, r\u00e9seaux sociaux ou tout autre moyen \u00e9lectronique ou physique, actuel ou futur, aux clients, leur permettant de recevoir des communications commerciales concernant des produits ou services similaires \u00e0 ceux initialement command\u00e9s (art. 21.2 LSSI).<br \/>(Fond\u00e9 sur l&rsquo;int\u00e9r\u00eat l\u00e9gitime du responsable du traitement, art. 6.1.f RGPD)<\/li>\n<\/ul>\n<p><strong>Combien de temps conserverons-nous vos donn\u00e9es personnelles?<\/strong><\/p>\n<p>Elles ne seront conserv\u00e9es que pendant la dur\u00e9e n\u00e9cessaire \u00e0 la r\u00e9alisation de la finalit\u00e9 du traitement ou conform\u00e9ment aux exigences l\u00e9gales, et lorsqu&rsquo;elles ne seront plus n\u00e9cessaires \u00e0 cette fin, elles seront supprim\u00e9es en appliquant des mesures de s\u00e9curit\u00e9 appropri\u00e9es afin d&rsquo;assurer l&rsquo;anonymisation des donn\u00e9es ou leur destruction totale.<\/p>\n<p><strong>\u00c0 qui fournissons-nous vos donn\u00e9es personnelles ?<\/strong><\/p>\n<p>Aucune donn\u00e9e personnelle ne sera partag\u00e9e avec des tiers, sauf, si n\u00e9cessaire pour le d\u00e9veloppement et l&rsquo;ex\u00e9cution des finalit\u00e9s de traitement, \u00e0 nos prestataires de services de communication, avec lesquels le RESPONSABLE a sign\u00e9 les accords de confidentialit\u00e9 et de traitement des donn\u00e9es requis par la r\u00e9glementation en vigueur en mati\u00e8re de confidentialit\u00e9.<\/p>\n<p><strong>Quels sont vos droits ?<\/strong><\/p>\n<p>Les droits qui assistent l&rsquo;UTILISATEUR sont:<\/p>\n<ul>\n<li>Droit de retirer son consentement \u00e0 tout moment.<\/li>\n<li>Droit d\u2019acc\u00e8s, de rectification, de portabilit\u00e9 et d\u2019effacement de vos donn\u00e9es, ainsi que de limitation ou d\u2019opposition \u00e0 leur traitement.<\/li>\n<li>Le droit de d\u00e9poser une plainte aupr\u00e8s de l&rsquo;autorit\u00e9 de contr\u00f4le (www.aepd.es) si vous estimez que le traitement n&rsquo;est pas conforme \u00e0 la r\u00e9glementation en vigueur.<\/li>\n<\/ul>\n<p><strong>Coordonn\u00e9es pour exercer vos droits<\/strong>:<\/p>\n<p><strong>BEMIRMA S.L.<\/strong>, C\/ Almer\u00eda 26, Bajos, 08014 BARCELONE (ESPAGNE) T\u00e9l\u00e9phone : +34 609 37 86 46 Fax : +34 93 252 35 39 Courriel : info@bemirma.com<\/p>\n<ol start=\"2\">\n<li><strong> CARACT\u00c8RE OBLIGATOIRE OU FACULTATIF DES INFORMATIONS FOURNIES PAR L&rsquo;UTILISATEUR<\/strong><\/li>\n<\/ol>\n<p>En cochant les cases correspondantes et en saisissant des donn\u00e9es dans les champs marqu\u00e9s d&rsquo;un ast\u00e9risque (*) sur le formulaire de contact ou de t\u00e9l\u00e9chargement, les UTILISATEURS acceptent express\u00e9ment, librement et sans \u00e9quivoque que leurs donn\u00e9es soient n\u00e9cessaires au prestataire pour traiter leur demande. La saisie de donn\u00e9es dans les autres champs est facultative. L&rsquo;UTILISATEUR garantit l&rsquo;exactitude des donn\u00e9es personnelles fournies au RESPONSABLE DU TRAITEMENT et s&rsquo;engage \u00e0 signaler toute modification de celles-ci. <\/p>\n<p>Le RESPONSABLE DU TRAITEMENT vous informe que toutes les donn\u00e9es demand\u00e9es sur le site web sont obligatoires, car elles sont n\u00e9cessaires pour fournir \u00e0 l&rsquo;UTILISATEUR un service optimal. \u00c0 d\u00e9faut de fournir toutes les donn\u00e9es, il ne peut \u00eatre garanti que les informations et services fournis seront parfaitement adapt\u00e9s \u00e0 vos besoins. <\/p>\n<ol start=\"3\">\n<li style=\"list-style-type: none;\">\n<ol start=\"3\">\n<li><strong>MESURES DE S\u00c9CURIT\u00c9<\/strong><\/li>\n<\/ol>\n<\/li>\n<\/ol>\n<p>Que conform\u00e9ment aux dispositions de la r\u00e9glementation en vigueur en mati\u00e8re de protection des donn\u00e9es personnelles, le RESPONSABLE se conforme \u00e0 toutes les dispositions des r\u00e9glementations GDPR et LOPDGDD pour le traitement des donn\u00e9es personnelles sous sa responsabilit\u00e9, et manifestement aux principes d\u00e9crits \u00e0 l&rsquo;article 5 du GDPR, par lesquels elles sont trait\u00e9es de mani\u00e8re licite, loyale et transparente par rapport \u00e0 la personne concern\u00e9e et ad\u00e9quates, pertinentes et limit\u00e9es \u00e0 ce qui est n\u00e9cessaire au regard des finalit\u00e9s pour lesquelles elles sont trait\u00e9es.<\/p>\n<p>Le RESPONSABLE garantit qu&rsquo;il a mis en \u0153uvre des politiques techniques et organisationnelles appropri\u00e9es pour appliquer les mesures de s\u00e9curit\u00e9 \u00e9tablies par le RGPD et la LOPDGDD (Loi espagnole sur la protection des donn\u00e9es) pour prot\u00e9ger les droits et libert\u00e9s des UTILISATEURS et leur a fourni les informations appropri\u00e9es pour qu&rsquo;ils puissent les exercer.<\/p>\n<p>Pour plus d&rsquo;informations sur les garanties de confidentialit\u00e9, vous pouvez contacter<strong> <\/strong>RESPONSABLE par t\u00e9l\u00e9phone au + 34 609 37 86 46 et par fax au + 34 93 252 35 39 et par e-mail \u00e0 <a href=\"mailto:info@bemirma.com\">info@bemirma.com<\/a>.<\/p>\n<p><strong>Politique de protection de l&rsquo;enfance<\/strong><\/p>\n<p>Toute personne qui fournit des donn\u00e9es via les formulaires de ce site Web et accepte leur traitement d\u00e9clare formellement avoir plus de 14 ans.<\/p>\n<p>L&rsquo;acc\u00e8s et l&rsquo;utilisation du portail sont interdits aux mineurs de moins de 14 ans.<\/p>\n<p>Le RESPONSABLE rappelle aux adultes responsables de mineurs qu&rsquo;il sera de leur seule responsabilit\u00e9 si un mineur saisit ses donn\u00e9es pour demander un produit.<\/p>\n<p>Ils sont \u00e9galement inform\u00e9s qu\u2019il existe des logiciels permettant de restreindre la navigation en filtrant ou en bloquant certains contenus.<\/p>\n<p><strong>Traitement d\u00e9riv\u00e9 de l&rsquo;utilisation des r\u00e9seaux sociaux<\/strong><\/p>\n<p>En suivant notre profil sur les r\u00e9seaux sociaux, vous consentez express\u00e9ment au traitement de vos donn\u00e9es personnelles conform\u00e9ment \u00e0 la politique de confidentialit\u00e9 du r\u00e9seau social concern\u00e9. Vous consentez \u00e9galement express\u00e9ment \u00e0 l&rsquo;acc\u00e8s du RESPONSABLE au traitement de vos donn\u00e9es contenues dans votre profil et \u00e0 la publication sur votre mur d&rsquo;actualit\u00e9s concernant les produits du RESPONSABLE. Votre demande de connexion implique n\u00e9cessairement votre consentement au traitement susmentionn\u00e9, qui constitue la base juridique du traitement. Les donn\u00e9es seront conserv\u00e9es tant que la personne concern\u00e9e ne s&rsquo;y oppose pas ou ne retire pas son consentement, lequel peut \u00eatre retir\u00e9 \u00e0 tout moment.   <\/p>\n<p>Les commentaires et contenus publi\u00e9s sur les r\u00e9seaux sociaux deviendront publics. Les utilisateurs doivent donc faire preuve d&rsquo;une prudence particuli\u00e8re lorsqu&rsquo;ils d\u00e9cident de partager leurs informations personnelles. Le RESPONSABLE DU TRAITEMENT n&rsquo;est pas responsable des informations publi\u00e9es sur le site web. Toutefois, les personnes dont les donn\u00e9es personnelles sont publi\u00e9es ou incluses dans les commentaires peuvent demander au RESPONSABLE DU TRAITEMENT de les supprimer.  <\/p>\n<h2 style=\"text-align: center;\"><strong>II. MENTIONS L\u00c9GALES <\/strong><\/h2>\n<h2><strong>DROIT DES SERVICES DE LA SOCI\u00c9T\u00c9 DE L&rsquo;INFORMATION (LSSI)<\/strong><\/h2>\n<p><strong>BEMIRMA S.L., soci\u00e9t\u00e9 propri\u00e9taire d&rsquo;APARTAMENTOS CARU-ELMA1<\/strong> et responsable du site web, ci-apr\u00e8s d\u00e9nomm\u00e9e le RESPONSABLE DU TRAITEMENT, met ce document \u00e0 la disposition des utilisateurs, par lequel elle entend se conformer aux obligations pr\u00e9vues par la loi 34\/2002 du 11 juillet relative aux services de la soci\u00e9t\u00e9 de l&rsquo;information et au commerce \u00e9lectronique (LSSICE), Journal officiel de l&rsquo;\u00c9tat n\u00b0 166, ainsi que les informer des conditions d&rsquo;utilisation du site web.<\/p>\n<p>Toute personne acc\u00e9dant \u00e0 ce site Web assume le r\u00f4le d&rsquo;utilisateur et s&rsquo;engage \u00e0 observer et \u00e0 respecter strictement les dispositions \u00e9nonc\u00e9es dans les pr\u00e9sentes, ainsi que toutes autres dispositions l\u00e9gales applicables.<\/p>\n<p><strong>BEMIRMA S.L.<\/strong> se r\u00e9serve le droit de modifier tout type d&rsquo;information pouvant figurer sur le site web, sans obligation de donner un pr\u00e9avis ou d&rsquo;informer les utilisateurs de ces modifications, \u00e9tant entendu que la publication sur le site web de <strong>BEMIRMA S.L.<\/strong> est suffisante.<\/p>\n<ol start=\"1\">\n<li><strong> DONN\u00c9ES D&rsquo;IDENTIFICATION<\/strong><\/li>\n<\/ol>\n<p>Nom de domaine : apartamentoselma.com<br \/>\nNom commercial : APARTAMENTOS CARU-ELMA1<br \/>\nRaison sociale : BEMIRMA S.L.<br \/>\nNum\u00e9ro d\u2019identification fiscale : B60335387<br \/>\nSi\u00e8ge social : C\/ Almer\u00eda 26, Rez-de-chauss\u00e9e, 08014 Barcelone (Espagne)<br \/>\nT\u00e9l\u00e9phone : +34 609 37 86 46 et fax : +34 93 252 35 39<br \/>\nCourriel : <a href=\"mailto:info@bemirma.com\">info@bemirma.com<\/a><br \/>\nInscrite au Registre du Commerce de Barcelone, Volume 26216, Folio 186, Page B 99967, Inscription 1<\/p>\n<ol start=\"2\">\n<li><strong> DROITS DE PROPRI\u00c9T\u00c9 INTELLECTUELLE ET INDUSTRIELLE<\/strong><\/li>\n<\/ol>\n<p>Le site Web, y compris, mais sans s&rsquo;y limiter, sa programmation, son \u00e9dition, sa compilation et d&rsquo;autres \u00e9l\u00e9ments n\u00e9cessaires \u00e0 son fonctionnement, ses conceptions, ses logos, ses textes et\/ou ses graphiques, sont la propri\u00e9t\u00e9 du RESPONSABLE DU TRAITEMENT ou, le cas \u00e9ch\u00e9ant,<\/p>\n<p>dans tous les cas, vous disposez d&rsquo;une licence ou d&rsquo;une autorisation expresse des auteurs. Tous les contenus du site web sont d\u00fbment prot\u00e9g\u00e9s par la r\u00e9glementation sur la propri\u00e9t\u00e9 intellectuelle et industrielle et inscrits aux registres publics correspondants. <\/p>\n<p>Quelle que soit la finalit\u00e9, toute reproduction, utilisation, exploitation, distribution ou commercialisation, totale ou partielle, n\u00e9cessite l&rsquo;autorisation \u00e9crite pr\u00e9alable du RESPONSABLE. Toute utilisation non autoris\u00e9e constitue une violation grave des droits de propri\u00e9t\u00e9 intellectuelle ou industrielle de l&rsquo;auteur. <\/p>\n<p>Les designs, logos, textes et\/ou graphismes appartenant \u00e0 des tiers et susceptibles d&rsquo;appara\u00eetre sur le site web appartiennent \u00e0 leurs propri\u00e9taires respectifs, qui sont seuls responsables de tout litige pouvant survenir \u00e0 leur sujet. Le RESPONSABLE DU TRAITEMENT autorise express\u00e9ment les tiers \u00e0 cr\u00e9er des liens directs vers des contenus sp\u00e9cifiques du site web et, en tout \u00e9tat de cause, \u00e0 cr\u00e9er des liens vers le site web principal <a href=\"https:\/\/apartamentoselma.com\/fr\/\">https:\/\/apartamentoselma.com<\/a>. <\/p>\n<p>Le RESPONSABLE DU TRAITEMENT reconna\u00eet les droits de propri\u00e9t\u00e9 intellectuelle et industrielle correspondants de leurs propri\u00e9taires, et leur simple mention ou apparition sur le site web n&rsquo;implique l&rsquo;existence d&rsquo;aucun droit ou responsabilit\u00e9 \u00e0 leur \u00e9gard, ni aucune approbation, parrainage ou recommandation de leur part.<\/p>\n<p>Pour signaler toute violation potentielle des droits de propri\u00e9t\u00e9 intellectuelle ou industrielle, ou tout probl\u00e8me concernant le contenu du site web, veuillez nous contacter \u00e0 l&rsquo;adresse <a href=\"mailto:info@bemirma.com\">info@bemirma.com<\/a>.<\/p>\n<ol start=\"3\">\n<li><strong> CLAUSE DE NON-RESPONSABILIT\u00c9<\/strong><\/li>\n<\/ol>\n<p>Le RESPONSABLE est exon\u00e9r\u00e9 de toute responsabilit\u00e9 d\u00e9coulant des informations publi\u00e9es sur son site Web \u00e0 condition qu&rsquo;il n&rsquo;ait pas connaissance r\u00e9elle que ces informations ont \u00e9t\u00e9 manipul\u00e9es ou introduites par un tiers autre que le RESPONSABLE, ou, s&rsquo;il l&rsquo;a fait, qu&rsquo;il ait agi avec diligence pour supprimer les donn\u00e9es ou rendre l&rsquo;acc\u00e8s \u00e0 celles-ci impossible.<\/p>\n<p><strong>Utilisation des cookies<\/strong><\/p>\n<p>Ce site web peut utiliser des cookies techniques (petits fichiers d&rsquo;informations envoy\u00e9s par le serveur \u00e0 l&rsquo;ordinateur de l&rsquo;utilisateur acc\u00e9dant \u00e0 la page) pour ex\u00e9cuter certaines fonctionnalit\u00e9s jug\u00e9es essentielles au bon fonctionnement et \u00e0 l&rsquo;affichage du site. Les cookies utilis\u00e9s sont, dans tous les cas, temporaires et ont pour seul but d&rsquo;am\u00e9liorer la navigation. Ils disparaissent \u00e0 la fin de la session de l&rsquo;utilisateur. Ces cookies ne seront en aucun cas supprim\u00e9s.  <\/p>\n<p>Ils ne fournissent pas eux-m\u00eames de donn\u00e9es personnelles et ne seront pas utilis\u00e9s pour la collecte de telles donn\u00e9es.<\/p>\n<p>Les cookies permettent \u00e9galement au serveur h\u00e9bergeant le site web de reconna\u00eetre le navigateur de l&rsquo;utilisateur, simplifiant ainsi la navigation. Par exemple, ils permettent aux utilisateurs d\u00e9j\u00e0 inscrits d&rsquo;acc\u00e9der \u00e0 des espaces, services, promotions ou concours qui leur sont exclusivement r\u00e9serv\u00e9s sans avoir \u00e0 se r\u00e9inscrire \u00e0 chaque visite. Les cookies peuvent aussi servir \u00e0 mesurer l&rsquo;audience, analyser le trafic, suivre la progression et le nombre de visites, etc. Dans ces cas, les cookies ne sont pas indispensables au fonctionnement du site, mais pr\u00e9sentent un int\u00e9r\u00eat pour l&rsquo;utilisateur. Ce site web n&rsquo;installera aucun cookie non essentiel sans le consentement pr\u00e9alable de l&rsquo;utilisateur.  <\/p>\n<p>Ce site web utilise ses propres cookies et ceux de tiers \u00e0 des fins d&rsquo;analyse et pour vous proposer des publicit\u00e9s personnalis\u00e9es en fonction d&rsquo;un profil cr\u00e9\u00e9 \u00e0 partir de vos habitudes de navigation (par exemple, les pages visit\u00e9es). Chaque utilisateur qui visite le site web est inform\u00e9 de l&rsquo;utilisation de ces cookies par une banni\u00e8re flottante. Si vous acceptez leur utilisation, la banni\u00e8re dispara\u00eetra. Cependant, vous pouvez r\u00e9voquer votre consentement \u00e0 tout moment et obtenir plus d&rsquo;informations en consultant notre Politique relative aux cookies.  <\/p>\n<p>Les utilisateurs peuvent configurer leur navigateur pour \u00eatre avertis de la r\u00e9ception de cookies et emp\u00eacher leur installation sur leur appareil. Veuillez consulter les instructions de votre navigateur pour plus d&rsquo;informations. <\/p>\n<p><strong>Politique relative aux liens<\/strong><\/p>\n<p>Depuis le site web, vous pourriez \u00eatre redirig\u00e9 vers des contenus de sites web tiers. Le RESPONSABLE DU TRAITEMENT ne pouvant pas toujours contr\u00f4ler le contenu publi\u00e9 par ces tiers sur leurs sites web respectifs, il d\u00e9cline toute responsabilit\u00e9 quant \u00e0 ces contenus. Dans tous les cas, il supprimera imm\u00e9diatement tout contenu susceptible de contrevenir \u00e0 la l\u00e9gislation nationale ou internationale, aux bonnes m\u0153urs ou \u00e0 l&rsquo;ordre public, supprimera imm\u00e9diatement la redirection vers ce site web et informera les autorit\u00e9s comp\u00e9tentes du contenu en question.  <\/p>\n<p>Le RESPONSABLE d\u00e9cline toute responsabilit\u00e9 quant aux informations et contenus stock\u00e9s, y compris, mais sans s&rsquo;y limiter, les forums, chats, g\u00e9n\u00e9rateurs de blogs, commentaires, r\u00e9seaux sociaux ou tout autre moyen permettant \u00e0 des tiers de publier du contenu de mani\u00e8re ind\u00e9pendante sur son site web. Cependant, et conform\u00e9ment aux dispositions des articles 11 et 16 de la LSSICE, ces informations sont mises \u00e0 la disposition de tous les utilisateurs, autorit\u00e9s et forces de s\u00e9curit\u00e9, collaborant activement \u00e0 la suppression ou, le cas \u00e9ch\u00e9ant, au blocage de tout contenu susceptible d&rsquo;affecter ou de contrevenir \u00e0 la pr\u00e9sente loi. <\/p>\n<p>la l\u00e9gislation nationale ou internationale, les droits des tiers, les bonnes m\u0153urs et l&rsquo;ordre public. Si l&rsquo;utilisateur estime que le contenu du site web pourrait \u00eatre class\u00e9 comme tel, il est pri\u00e9 d&rsquo;en informer imm\u00e9diatement l&rsquo;administrateur du site. <\/p>\n<p>Ce site web a \u00e9t\u00e9 v\u00e9rifi\u00e9 et test\u00e9 afin de garantir son bon fonctionnement. En principe, son bon fonctionnement est garanti 365 jours par an, 24 heures sur 24. Cependant, le RESPONSABLE n&rsquo;exclut pas la possibilit\u00e9 d&rsquo;erreurs de programmation, de cas de force majeure, de catastrophes naturelles, de gr\u00e8ves ou de circonstances similaires rendant l&rsquo;acc\u00e8s au site impossible.  <\/p>\n<p><strong>Adresses IP<\/strong><\/p>\n<p>Les serveurs du site web d\u00e9tectent automatiquement l&rsquo;adresse IP et le nom de domaine utilis\u00e9s par l&rsquo;utilisateur. Une adresse IP est un num\u00e9ro automatiquement attribu\u00e9 \u00e0 un ordinateur lors de sa connexion \u00e0 Internet. Toutes ces informations sont enregistr\u00e9es dans un fichier d&rsquo;activit\u00e9 du serveur d\u00fbment enregistr\u00e9, ce qui permet un traitement ult\u00e9rieur des donn\u00e9es \u00e0 des fins purement statistiques permettant de d\u00e9terminer le nombre d&rsquo;impressions de pages, le nombre de visites sur les serveurs web, l&rsquo;ordre des visites, le point d&rsquo;acc\u00e8s, etc.  <\/p>\n<ol start=\"4\">\n<li><strong>LOI APPLICABLE ET JURIDICTION<\/strong><\/li>\n<\/ol>\n<p>Pour la r\u00e9solution de tout litige ou probl\u00e8me li\u00e9 \u00e0 ce site web ou aux activit\u00e9s qui y sont men\u00e9es, le droit espagnol sera applicable, auquel les parties se soumettent express\u00e9ment. Les tribunaux du domicile de l&rsquo;UTILISATEUR ou du lieu d&rsquo;ex\u00e9cution de l&rsquo;obligation seront comp\u00e9tents pour r\u00e9soudre tout conflit d\u00e9coulant de son utilisation.[\/vc_column_text][\/vc_column][\/vc_row][vc_row conditional_render=\u00a0\u00bb%5B%7B%22value_role%22%3A%22administrator%22%7D%5D\u00a0\u00bb][vc_column][vc_empty_space height=\u00a0\u00bb50px\u00a0\u00bb][\/vc_column][\/vc_row]<\/p>\n<\/div>","protected":false},"excerpt":{"rendered":"<p>[vc_row conditional_render=\u00a0\u00bb%5B%7B%22value_role%22%3A%22administrator%22%7D%5D\u00a0\u00bb][vc_column][vc_empty_space height=\u00a0\u00bb50px\u00a0\u00bb][vc_column_text css=\u00a0\u00bb\u00a0\u00bb css_params=\u00a0\u00bb\u00a0\u00bb] I. POLITIQUE DE CONFIDENTIALIT\u00c9 INFORMATIONS UTILISATEUR Qui est responsable du traitement de vos donn\u00e9es personnelles? BEMIRMA S.L., la soci\u00e9t\u00e9 propri\u00e9taire d&rsquo;APARTAMENTOS CARU-ELMA1, est le RESPONSABLE DU TRAITEMENT des donn\u00e9es personnelles de l&rsquo;UTILISATEUR et vous informe que ces donn\u00e9es seront trait\u00e9es conform\u00e9ment aux dispositions du R\u00e8glement (UE) 2016\/679 du 27 avril [&hellip;]<\/p>\n","protected":false},"author":1,"featured_media":0,"parent":0,"menu_order":0,"comment_status":"closed","ping_status":"closed","template":"","meta":{"_seopress_robots_primary_cat":"","_seopress_titles_title":"%%post_title%% %%sep%% %%sitetitle%%, %%tagline%%","_seopress_titles_desc":"Veuillez consulter la politique de confidentialit\u00e9 et les mentions l\u00e9gales des Apartamentos Caru-Elma \u00e0 Castelldefels. Nous prot\u00e9geons vos donn\u00e9es personnelles. ","_seopress_robots_index":"","footnotes":""},"class_list":["post-959","page","type-page","status-publish","hentry"],"_links":{"self":[{"href":"https:\/\/apartamentoselma.com\/fr\/wp-json\/wp\/v2\/pages\/959","targetHints":{"allow":["GET"]}}],"collection":[{"href":"https:\/\/apartamentoselma.com\/fr\/wp-json\/wp\/v2\/pages"}],"about":[{"href":"https:\/\/apartamentoselma.com\/fr\/wp-json\/wp\/v2\/types\/page"}],"author":[{"embeddable":true,"href":"https:\/\/apartamentoselma.com\/fr\/wp-json\/wp\/v2\/users\/1"}],"replies":[{"embeddable":true,"href":"https:\/\/apartamentoselma.com\/fr\/wp-json\/wp\/v2\/comments?post=959"}],"version-history":[{"count":2,"href":"https:\/\/apartamentoselma.com\/fr\/wp-json\/wp\/v2\/pages\/959\/revisions"}],"predecessor-version":[{"id":1381,"href":"https:\/\/apartamentoselma.com\/fr\/wp-json\/wp\/v2\/pages\/959\/revisions\/1381"}],"wp:attachment":[{"href":"https:\/\/apartamentoselma.com\/fr\/wp-json\/wp\/v2\/media?parent=959"}],"curies":[{"name":"wp","href":"https:\/\/api.w.org\/{rel}","templated":true}]}}